{"id":3047,"date":"2022-06-03T01:35:52","date_gmt":"2022-06-03T01:35:52","guid":{"rendered":"https:\/\/mostradecinemasafricanos.com\/?post_type=portfolio&#038;p=3047"},"modified":"2022-06-04T03:07:16","modified_gmt":"2022-06-04T03:07:16","slug":"dentro-da-casa","status":"publish","type":"portfolio","link":"https:\/\/mostradecinemasafricanos.com\/en\/arquivo\/dentro-da-casa\/","title":{"rendered":"Dentro da casa"},"content":{"rendered":"<div data-elementor-type=\"wp-post\" data-elementor-id=\"3047\" class=\"elementor elementor-3047\">\n\t\t\t\t\t\t<section class=\"elementor-section elementor-top-section elementor-element elementor-element-7baa4aa4 elementor-section-stretched elementor-reverse-mobile elementor-section-boxed elementor-section-height-default elementor-section-height-default wpr-particle-no wpr-jarallax-no wpr-parallax-no wpr-sticky-section-no\" data-id=\"7baa4aa4\" data-element_type=\"section\" data-e-type=\"section\" data-settings=\"{&quot;stretch_section&quot;:&quot;section-stretched&quot;,&quot;background_background&quot;:&quot;classic&quot;}\">\n\t\t\t\t\t\t<div class=\"elementor-container elementor-column-gap-wide\">\n\t\t\t\t\t<div class=\"elementor-column elementor-col-100 elementor-top-column elementor-element elementor-element-788b84ef\" data-id=\"788b84ef\" data-element_type=\"column\" data-e-type=\"column\" data-settings=\"{&quot;background_background&quot;:&quot;classic&quot;}\">\n\t\t\t<div class=\"elementor-widget-wrap elementor-element-populated\">\n\t\t\t\t\t\t<section class=\"elementor-section elementor-inner-section elementor-element elementor-element-315a954a elementor-section-boxed elementor-section-height-default elementor-section-height-default wpr-particle-no wpr-jarallax-no wpr-parallax-no wpr-sticky-section-no\" data-id=\"315a954a\" data-element_type=\"section\" data-e-type=\"section\">\n\t\t\t\t\t\t<div class=\"elementor-container elementor-column-gap-default\">\n\t\t\t\t\t<div class=\"elementor-column elementor-col-100 elementor-inner-column elementor-element elementor-element-1a4ee104\" data-id=\"1a4ee104\" data-element_type=\"column\" data-e-type=\"column\">\n\t\t\t<div class=\"elementor-widget-wrap elementor-element-populated\">\n\t\t\t\t\t\t<div class=\"elementor-element elementor-element-150c30d6 elementor-widget elementor-widget-text-editor\" data-id=\"150c30d6\" data-element_type=\"widget\" data-e-type=\"widget\" data-widget_type=\"text-editor.default\">\n\t\t\t\t<div class=\"elementor-widget-container\">\n\t\t\t\t\t\t\t\t\t<p>\u00a0<\/p><p>\u00a0<\/p><p>\u00a0<\/p><p>\u00a0<\/p><p>.<\/p>\t\t\t\t\t\t\t\t<\/div>\n\t\t\t\t<\/div>\n\t\t\t\t\t<\/div>\n\t\t<\/div>\n\t\t\t\t\t<\/div>\n\t\t<\/section>\n\t\t\t\t<section class=\"elementor-section elementor-inner-section elementor-element elementor-element-79d6a25f elementor-section-boxed elementor-section-height-default elementor-section-height-default wpr-particle-no wpr-jarallax-no wpr-parallax-no wpr-sticky-section-no\" data-id=\"79d6a25f\" data-element_type=\"section\" data-e-type=\"section\">\n\t\t\t\t\t\t<div class=\"elementor-container elementor-column-gap-default\">\n\t\t\t\t\t<div class=\"elementor-column elementor-col-50 elementor-inner-column elementor-element elementor-element-5653b8ae\" data-id=\"5653b8ae\" data-element_type=\"column\" data-e-type=\"column\">\n\t\t\t<div class=\"elementor-widget-wrap elementor-element-populated\">\n\t\t\t\t\t\t<div class=\"elementor-element elementor-element-e689cd7 elementor-widget elementor-widget-heading\" data-id=\"e689cd7\" data-element_type=\"widget\" data-e-type=\"widget\" data-widget_type=\"heading.default\">\n\t\t\t\t<div class=\"elementor-widget-container\">\n\t\t\t\t\t<h2 class=\"elementor-heading-title elementor-size-large\">Dentro da Casa<\/h2>\t\t\t\t<\/div>\n\t\t\t\t<\/div>\n\t\t\t\t<div class=\"elementor-element elementor-element-6c53bd21 elementor-widget elementor-widget-text-editor\" data-id=\"6c53bd21\" data-element_type=\"widget\" data-e-type=\"widget\" data-widget_type=\"text-editor.default\">\n\t\t\t\t<div class=\"elementor-widget-container\">\n\t\t\t\t\t\t\t\t\t<p style=\"font-style: normal; font-variant-ligatures: normal; font-variant-caps: normal; font-weight: 400; font-size: 16px; font-family: Poppins, Helvetica, Arial, sans-serif;\"><i>Dans la Maison<\/i><span style=\"font-style: normal;\">\u00a0<\/span><\/p><p style=\"font-style: normal; font-variant-ligatures: normal; font-variant-caps: normal; font-weight: 400; font-size: 16px; font-family: Poppins, Helvetica, Arial, sans-serif;\">B\u00e9lgica\/Fran\u00e7a\/Marrocos\/Catar | 2020 | 90 min | Document\u00e1rio | Livre<\/p><p style=\"font-style: normal; font-variant-ligatures: normal; font-variant-caps: normal; font-weight: 400; font-size: 16px; font-family: Poppins, Helvetica, Arial, sans-serif;\">Dire\u00e7\u00e3o: <span style=\"font-weight: 400;\">Karima Sa\u00efdi<\/span><br \/>Roteiro: <span style=\"font-weight: 400;\">Karima Sa\u00efdi<\/span><br \/>Fotografia: <span style=\"font-weight: 400;\">Caroline Guimbal, Redha Benhamouda, Karima Sa\u00efdi<\/span><br \/>Elenco: Karima Sa\u00efdi, Aicha Sa\u00efdi<\/p>\t\t\t\t\t\t\t\t<\/div>\n\t\t\t\t<\/div>\n\t\t\t\t\t<\/div>\n\t\t<\/div>\n\t\t\t\t<div class=\"elementor-column elementor-col-50 elementor-inner-column elementor-element elementor-element-0c5f898\" data-id=\"0c5f898\" data-element_type=\"column\" data-e-type=\"column\">\n\t\t\t<div class=\"elementor-widget-wrap\">\n\t\t\t\t\t\t\t<\/div>\n\t\t<\/div>\n\t\t\t\t\t<\/div>\n\t\t<\/section>\n\t\t\t\t\t<\/div>\n\t\t<\/div>\n\t\t\t\t\t<\/div>\n\t\t<\/section>\n\t\t\t\t<section class=\"elementor-section elementor-top-section elementor-element elementor-element-1c464697 elementor-section-stretched elementor-reverse-mobile elementor-section-boxed elementor-section-height-default elementor-section-height-default wpr-particle-no wpr-jarallax-no wpr-parallax-no wpr-sticky-section-no\" data-id=\"1c464697\" data-element_type=\"section\" data-e-type=\"section\" data-settings=\"{&quot;stretch_section&quot;:&quot;section-stretched&quot;,&quot;background_background&quot;:&quot;classic&quot;}\">\n\t\t\t\t\t\t<div class=\"elementor-container elementor-column-gap-wide\">\n\t\t\t\t\t<div class=\"elementor-column elementor-col-100 elementor-top-column elementor-element elementor-element-40bb31d8\" data-id=\"40bb31d8\" data-element_type=\"column\" data-e-type=\"column\" data-settings=\"{&quot;background_background&quot;:&quot;classic&quot;}\">\n\t\t\t<div class=\"elementor-widget-wrap elementor-element-populated\">\n\t\t\t\t\t\t<section class=\"elementor-section elementor-inner-section elementor-element elementor-element-595fe0af elementor-section-boxed elementor-section-height-default elementor-section-height-default wpr-particle-no wpr-jarallax-no wpr-parallax-no wpr-sticky-section-no\" data-id=\"595fe0af\" data-element_type=\"section\" data-e-type=\"section\">\n\t\t\t\t\t\t<div class=\"elementor-container elementor-column-gap-default\">\n\t\t\t\t\t<div class=\"elementor-column elementor-col-50 elementor-inner-column elementor-element elementor-element-5c0dcd90\" data-id=\"5c0dcd90\" data-element_type=\"column\" data-e-type=\"column\">\n\t\t\t<div class=\"elementor-widget-wrap elementor-element-populated\">\n\t\t\t\t\t\t<div class=\"elementor-element elementor-element-60f80722 elementor-widget elementor-widget-image\" data-id=\"60f80722\" data-element_type=\"widget\" data-e-type=\"widget\" data-widget_type=\"image.default\">\n\t\t\t\t<div class=\"elementor-widget-container\">\n\t\t\t\t\t\t\t\t\t\t\t\t\t\t\t<img fetchpriority=\"high\" decoding=\"async\" width=\"232\" height=\"305\" src=\"https:\/\/mostradecinemasafricanos.com\/wp-content\/uploads\/2022\/06\/Dans-la-maison-poster-e1655592228744.png\" class=\"attachment-full size-full wp-image-3048\" alt=\"\" \/>\t\t\t\t\t\t\t\t\t\t\t\t\t\t\t<\/div>\n\t\t\t\t<\/div>\n\t\t\t\t\t<\/div>\n\t\t<\/div>\n\t\t\t\t<div class=\"elementor-column elementor-col-50 elementor-inner-column elementor-element elementor-element-ff393a2\" data-id=\"ff393a2\" data-element_type=\"column\" data-e-type=\"column\">\n\t\t\t<div class=\"elementor-widget-wrap elementor-element-populated\">\n\t\t\t\t\t\t<div class=\"elementor-element elementor-element-b0bafae elementor-widget elementor-widget-spacer\" data-id=\"b0bafae\" data-element_type=\"widget\" data-e-type=\"widget\" data-widget_type=\"spacer.default\">\n\t\t\t\t<div class=\"elementor-widget-container\">\n\t\t\t\t\t\t\t<div class=\"elementor-spacer\">\n\t\t\t<div class=\"elementor-spacer-inner\"><\/div>\n\t\t<\/div>\n\t\t\t\t\t\t<\/div>\n\t\t\t\t<\/div>\n\t\t\t\t<div class=\"elementor-element elementor-element-a04a14c elementor-widget elementor-widget-text-editor\" data-id=\"a04a14c\" data-element_type=\"widget\" data-e-type=\"widget\" data-widget_type=\"text-editor.default\">\n\t\t\t\t<div class=\"elementor-widget-container\">\n\t\t\t\t\t\t\t\t\t<h3><span style=\"color: #e93a2c;\">Sinopse<\/span><\/h3>\t\t\t\t\t\t\t\t<\/div>\n\t\t\t\t<\/div>\n\t\t\t\t<div class=\"elementor-element elementor-element-1b5b519b elementor-widget elementor-widget-text-editor\" data-id=\"1b5b519b\" data-element_type=\"widget\" data-e-type=\"widget\" data-widget_type=\"text-editor.default\">\n\t\t\t\t<div class=\"elementor-widget-container\">\n\t\t\t\t\t\t\t\t\t<p><span style=\"font-weight: 400;\">Ap\u00f3s anos de separa\u00e7\u00e3o, a cineasta renova o relacionamento com a m\u00e3e, A\u00efcha, agora com Alzheimer. De Bruxelas a T\u00e2nger, a odisseia de uma fam\u00edlia marcada pelo ex\u00edlio \u00e9 evocada atrav\u00e9s da discri\u00e7\u00e3o e da confiss\u00e3o, da dor, da separa\u00e7\u00e3o, do luto e da alegria.<\/span><\/p>\t\t\t\t\t\t\t\t<\/div>\n\t\t\t\t<\/div>\n\t\t\t\t\t<\/div>\n\t\t<\/div>\n\t\t\t\t\t<\/div>\n\t\t<\/section>\n\t\t\t\t\t<\/div>\n\t\t<\/div>\n\t\t\t\t\t<\/div>\n\t\t<\/section>\n\t\t\t\t<section class=\"elementor-section elementor-top-section elementor-element elementor-element-628bb18c elementor-section-stretched elementor-section-full_width elementor-reverse-mobile elementor-section-height-default elementor-section-height-default wpr-particle-no wpr-jarallax-no wpr-parallax-no wpr-sticky-section-no\" data-id=\"628bb18c\" data-element_type=\"section\" data-e-type=\"section\" data-settings=\"{&quot;stretch_section&quot;:&quot;section-stretched&quot;,&quot;background_background&quot;:&quot;classic&quot;}\">\n\t\t\t\t\t\t<div class=\"elementor-container elementor-column-gap-wider\">\n\t\t\t\t\t<div class=\"elementor-column elementor-col-100 elementor-top-column elementor-element elementor-element-7a258b7\" data-id=\"7a258b7\" data-element_type=\"column\" data-e-type=\"column\">\n\t\t\t<div class=\"elementor-widget-wrap elementor-element-populated\">\n\t\t\t\t\t\t<div class=\"elementor-element elementor-element-28afa5db elementor-widget elementor-widget-mfn_gallery\" data-id=\"28afa5db\" data-element_type=\"widget\" data-e-type=\"widget\" data-widget_type=\"mfn_gallery.default\">\n\t\t\t\t<div class=\"elementor-widget-container\">\n\t\t\t\t\t\n\t\t\t<style type='text\/css'>\n\t\t\t\t#sc_gallery-1 {\n\t\t\t\t\tmargin: auto;\n\t\t\t\t}\n\t\t\t\t#sc_gallery-1 .gallery-item {\n\t\t\t\t\tfloat: left;\n\t\t\t\t\ttext-align: center;\n\t\t\t\t\twidth: 24.99%;\n\t\t\t\t}\n\t\t\t\t#sc_gallery-1 img {\n\t\t\t\t\tborder: 2px solid #cfcfcf;\n\t\t\t\t}\n\t\t\t\t\/* see sc_gallery() in functions\/theme-shortcodes.php *\/\n\t\t\t<\/style>\n\t\t<div id='sc_gallery-1' class='gallery galleryid-3047 gallery-columns-4 gallery-size-medium file element_classes flat'><dl class='gallery-item'  data-title='DANS-LA-MAISON\u252c\u00aeHaut les Mains productions_3' data-description=''><div class='gallery-item-wrapper'>\n\t\t\t\t<dt class='gallery-icon landscape'>\n\t\t\t\t\t<a href='https:\/\/mostradecinemasafricanos.com\/wp-content\/uploads\/2022\/06\/DANS-LA-MAISON\u252c\u00aeHaut-les-Mains-productions_3.jpg'><img decoding=\"async\" width=\"300\" height=\"169\" data-src=\"https:\/\/mostradecinemasafricanos.com\/wp-content\/uploads\/2022\/06\/DANS-LA-MAISON\u252c\u00aeHaut-les-Mains-productions_3-300x169.jpg\" class=\"attachment-medium size-medium lazyload\" alt=\"\" data-srcset=\"https:\/\/mostradecinemasafricanos.com\/wp-content\/uploads\/2022\/06\/DANS-LA-MAISON\u252c\u00aeHaut-les-Mains-productions_3-300x169.jpg 300w, https:\/\/mostradecinemasafricanos.com\/wp-content\/uploads\/2022\/06\/DANS-LA-MAISON\u252c\u00aeHaut-les-Mains-productions_3-1024x576.jpg 1024w, https:\/\/mostradecinemasafricanos.com\/wp-content\/uploads\/2022\/06\/DANS-LA-MAISON\u252c\u00aeHaut-les-Mains-productions_3-768x432.jpg 768w, https:\/\/mostradecinemasafricanos.com\/wp-content\/uploads\/2022\/06\/DANS-LA-MAISON\u252c\u00aeHaut-les-Mains-productions_3-1536x864.jpg 1536w, https:\/\/mostradecinemasafricanos.com\/wp-content\/uploads\/2022\/06\/DANS-LA-MAISON\u252c\u00aeHaut-les-Mains-productions_3-18x10.jpg 18w, https:\/\/mostradecinemasafricanos.com\/wp-content\/uploads\/2022\/06\/DANS-LA-MAISON\u252c\u00aeHaut-les-Mains-productions_3-260x146.jpg 260w, https:\/\/mostradecinemasafricanos.com\/wp-content\/uploads\/2022\/06\/DANS-LA-MAISON\u252c\u00aeHaut-les-Mains-productions_3-50x28.jpg 50w, https:\/\/mostradecinemasafricanos.com\/wp-content\/uploads\/2022\/06\/DANS-LA-MAISON\u252c\u00aeHaut-les-Mains-productions_3-133x75.jpg 133w, https:\/\/mostradecinemasafricanos.com\/wp-content\/uploads\/2022\/06\/DANS-LA-MAISON\u252c\u00aeHaut-les-Mains-productions_3-1200x675.jpg 1200w, https:\/\/mostradecinemasafricanos.com\/wp-content\/uploads\/2022\/06\/DANS-LA-MAISON\u252c\u00aeHaut-les-Mains-productions_3.jpg 1920w\" data-sizes=\"(max-width:767px) 300px, 300px\" src=\"data:image\/svg+xml;base64,PHN2ZyB3aWR0aD0iMSIgaGVpZ2h0PSIxIiB4bWxucz0iaHR0cDovL3d3dy53My5vcmcvMjAwMC9zdmciPjwvc3ZnPg==\" style=\"--smush-placeholder-width: 300px; --smush-placeholder-aspect-ratio: 300\/169;\" \/><\/a>\n\t\t\t\t<\/dt><\/div><\/dl><dl class='gallery-item'  data-title='DANS-LA-MAISON\u252c\u00aeHaut les Mains productions_4' data-description=''><div class='gallery-item-wrapper'>\n\t\t\t\t<dt class='gallery-icon landscape'>\n\t\t\t\t\t<a href='https:\/\/mostradecinemasafricanos.com\/wp-content\/uploads\/2022\/06\/DANS-LA-MAISON\u252c\u00aeHaut-les-Mains-productions_4.jpg'><img decoding=\"async\" width=\"300\" height=\"169\" data-src=\"https:\/\/mostradecinemasafricanos.com\/wp-content\/uploads\/2022\/06\/DANS-LA-MAISON\u252c\u00aeHaut-les-Mains-productions_4-300x169.jpg\" class=\"attachment-medium size-medium lazyload\" alt=\"\" data-srcset=\"https:\/\/mostradecinemasafricanos.com\/wp-content\/uploads\/2022\/06\/DANS-LA-MAISON\u252c\u00aeHaut-les-Mains-productions_4-300x169.jpg 300w, https:\/\/mostradecinemasafricanos.com\/wp-content\/uploads\/2022\/06\/DANS-LA-MAISON\u252c\u00aeHaut-les-Mains-productions_4-1024x576.jpg 1024w, https:\/\/mostradecinemasafricanos.com\/wp-content\/uploads\/2022\/06\/DANS-LA-MAISON\u252c\u00aeHaut-les-Mains-productions_4-768x432.jpg 768w, https:\/\/mostradecinemasafricanos.com\/wp-content\/uploads\/2022\/06\/DANS-LA-MAISON\u252c\u00aeHaut-les-Mains-productions_4-1536x864.jpg 1536w, https:\/\/mostradecinemasafricanos.com\/wp-content\/uploads\/2022\/06\/DANS-LA-MAISON\u252c\u00aeHaut-les-Mains-productions_4-18x10.jpg 18w, https:\/\/mostradecinemasafricanos.com\/wp-content\/uploads\/2022\/06\/DANS-LA-MAISON\u252c\u00aeHaut-les-Mains-productions_4-260x146.jpg 260w, https:\/\/mostradecinemasafricanos.com\/wp-content\/uploads\/2022\/06\/DANS-LA-MAISON\u252c\u00aeHaut-les-Mains-productions_4-50x28.jpg 50w, https:\/\/mostradecinemasafricanos.com\/wp-content\/uploads\/2022\/06\/DANS-LA-MAISON\u252c\u00aeHaut-les-Mains-productions_4-133x75.jpg 133w, https:\/\/mostradecinemasafricanos.com\/wp-content\/uploads\/2022\/06\/DANS-LA-MAISON\u252c\u00aeHaut-les-Mains-productions_4-1200x675.jpg 1200w, https:\/\/mostradecinemasafricanos.com\/wp-content\/uploads\/2022\/06\/DANS-LA-MAISON\u252c\u00aeHaut-les-Mains-productions_4.jpg 1920w\" data-sizes=\"(max-width:767px) 300px, 300px\" src=\"data:image\/svg+xml;base64,PHN2ZyB3aWR0aD0iMSIgaGVpZ2h0PSIxIiB4bWxucz0iaHR0cDovL3d3dy53My5vcmcvMjAwMC9zdmciPjwvc3ZnPg==\" style=\"--smush-placeholder-width: 300px; --smush-placeholder-aspect-ratio: 300\/169;\" \/><\/a>\n\t\t\t\t<\/dt><\/div><\/dl><dl class='gallery-item'  data-title='DANS-LA-MAISON\u252c\u00aeHaut les Mains productions_1' data-description=''><div class='gallery-item-wrapper'>\n\t\t\t\t<dt class='gallery-icon landscape'>\n\t\t\t\t\t<a href='https:\/\/mostradecinemasafricanos.com\/wp-content\/uploads\/2022\/06\/DANS-LA-MAISON\u252c\u00aeHaut-les-Mains-productions_1.png'><img decoding=\"async\" width=\"300\" height=\"169\" data-src=\"https:\/\/mostradecinemasafricanos.com\/wp-content\/uploads\/2022\/06\/DANS-LA-MAISON\u252c\u00aeHaut-les-Mains-productions_1-300x169.png\" class=\"attachment-medium size-medium lazyload\" alt=\"\" data-srcset=\"https:\/\/mostradecinemasafricanos.com\/wp-content\/uploads\/2022\/06\/DANS-LA-MAISON\u252c\u00aeHaut-les-Mains-productions_1-300x169.png 300w, https:\/\/mostradecinemasafricanos.com\/wp-content\/uploads\/2022\/06\/DANS-LA-MAISON\u252c\u00aeHaut-les-Mains-productions_1-1024x576.png 1024w, https:\/\/mostradecinemasafricanos.com\/wp-content\/uploads\/2022\/06\/DANS-LA-MAISON\u252c\u00aeHaut-les-Mains-productions_1-768x432.png 768w, https:\/\/mostradecinemasafricanos.com\/wp-content\/uploads\/2022\/06\/DANS-LA-MAISON\u252c\u00aeHaut-les-Mains-productions_1-1536x864.png 1536w, https:\/\/mostradecinemasafricanos.com\/wp-content\/uploads\/2022\/06\/DANS-LA-MAISON\u252c\u00aeHaut-les-Mains-productions_1-18x10.png 18w, https:\/\/mostradecinemasafricanos.com\/wp-content\/uploads\/2022\/06\/DANS-LA-MAISON\u252c\u00aeHaut-les-Mains-productions_1-260x146.png 260w, https:\/\/mostradecinemasafricanos.com\/wp-content\/uploads\/2022\/06\/DANS-LA-MAISON\u252c\u00aeHaut-les-Mains-productions_1-50x28.png 50w, https:\/\/mostradecinemasafricanos.com\/wp-content\/uploads\/2022\/06\/DANS-LA-MAISON\u252c\u00aeHaut-les-Mains-productions_1-133x75.png 133w, https:\/\/mostradecinemasafricanos.com\/wp-content\/uploads\/2022\/06\/DANS-LA-MAISON\u252c\u00aeHaut-les-Mains-productions_1-1200x675.png 1200w, https:\/\/mostradecinemasafricanos.com\/wp-content\/uploads\/2022\/06\/DANS-LA-MAISON\u252c\u00aeHaut-les-Mains-productions_1.png 1920w\" data-sizes=\"(max-width:767px) 300px, 300px\" src=\"data:image\/svg+xml;base64,PHN2ZyB3aWR0aD0iMSIgaGVpZ2h0PSIxIiB4bWxucz0iaHR0cDovL3d3dy53My5vcmcvMjAwMC9zdmciPjwvc3ZnPg==\" style=\"--smush-placeholder-width: 300px; --smush-placeholder-aspect-ratio: 300\/169;\" \/><\/a>\n\t\t\t\t<\/dt><\/div><\/dl><dl class='gallery-item'  data-title='DANS-LA-MAISON\u252c\u00aeHaut les Mains productions_5' data-description=''><div class='gallery-item-wrapper'>\n\t\t\t\t<dt class='gallery-icon landscape'>\n\t\t\t\t\t<a href='https:\/\/mostradecinemasafricanos.com\/wp-content\/uploads\/2022\/06\/DANS-LA-MAISON\u252c\u00aeHaut-les-Mains-productions_5.png'><img decoding=\"async\" width=\"300\" height=\"169\" data-src=\"https:\/\/mostradecinemasafricanos.com\/wp-content\/uploads\/2022\/06\/DANS-LA-MAISON\u252c\u00aeHaut-les-Mains-productions_5-300x169.png\" class=\"attachment-medium size-medium lazyload\" alt=\"\" data-srcset=\"https:\/\/mostradecinemasafricanos.com\/wp-content\/uploads\/2022\/06\/DANS-LA-MAISON\u252c\u00aeHaut-les-Mains-productions_5-300x169.png 300w, https:\/\/mostradecinemasafricanos.com\/wp-content\/uploads\/2022\/06\/DANS-LA-MAISON\u252c\u00aeHaut-les-Mains-productions_5-1024x576.png 1024w, https:\/\/mostradecinemasafricanos.com\/wp-content\/uploads\/2022\/06\/DANS-LA-MAISON\u252c\u00aeHaut-les-Mains-productions_5-768x432.png 768w, https:\/\/mostradecinemasafricanos.com\/wp-content\/uploads\/2022\/06\/DANS-LA-MAISON\u252c\u00aeHaut-les-Mains-productions_5-1536x864.png 1536w, https:\/\/mostradecinemasafricanos.com\/wp-content\/uploads\/2022\/06\/DANS-LA-MAISON\u252c\u00aeHaut-les-Mains-productions_5-18x10.png 18w, https:\/\/mostradecinemasafricanos.com\/wp-content\/uploads\/2022\/06\/DANS-LA-MAISON\u252c\u00aeHaut-les-Mains-productions_5-260x146.png 260w, https:\/\/mostradecinemasafricanos.com\/wp-content\/uploads\/2022\/06\/DANS-LA-MAISON\u252c\u00aeHaut-les-Mains-productions_5-50x28.png 50w, https:\/\/mostradecinemasafricanos.com\/wp-content\/uploads\/2022\/06\/DANS-LA-MAISON\u252c\u00aeHaut-les-Mains-productions_5-133x75.png 133w, https:\/\/mostradecinemasafricanos.com\/wp-content\/uploads\/2022\/06\/DANS-LA-MAISON\u252c\u00aeHaut-les-Mains-productions_5-1200x675.png 1200w, https:\/\/mostradecinemasafricanos.com\/wp-content\/uploads\/2022\/06\/DANS-LA-MAISON\u252c\u00aeHaut-les-Mains-productions_5.png 1920w\" data-sizes=\"(max-width:767px) 300px, 300px\" src=\"data:image\/svg+xml;base64,PHN2ZyB3aWR0aD0iMSIgaGVpZ2h0PSIxIiB4bWxucz0iaHR0cDovL3d3dy53My5vcmcvMjAwMC9zdmciPjwvc3ZnPg==\" style=\"--smush-placeholder-width: 300px; --smush-placeholder-aspect-ratio: 300\/169;\" \/><\/a>\n\t\t\t\t<\/dt><\/div><\/dl><br style=\"clear: both\" \/>\n\t\t\t<\/div>\n\t\t\t\t<\/div>\n\t\t\t\t<\/div>\n\t\t\t\t\t<\/div>\n\t\t<\/div>\n\t\t\t\t\t<\/div>\n\t\t<\/section>\n\t\t\t\t<section class=\"elementor-section elementor-top-section elementor-element elementor-element-376c229 elementor-section-stretched elementor-section-boxed elementor-section-height-default elementor-section-height-default wpr-particle-no wpr-jarallax-no wpr-parallax-no wpr-sticky-section-no\" data-id=\"376c229\" data-element_type=\"section\" data-e-type=\"section\" data-settings=\"{&quot;stretch_section&quot;:&quot;section-stretched&quot;,&quot;background_background&quot;:&quot;classic&quot;}\">\n\t\t\t\t\t\t<div class=\"elementor-container elementor-column-gap-wider\">\n\t\t\t\t\t<div class=\"elementor-column elementor-col-100 elementor-top-column elementor-element elementor-element-29cb3a63\" data-id=\"29cb3a63\" data-element_type=\"column\" data-e-type=\"column\">\n\t\t\t<div class=\"elementor-widget-wrap elementor-element-populated\">\n\t\t\t\t\t\t<section class=\"elementor-section elementor-inner-section elementor-element elementor-element-76d99d8a elementor-section-boxed elementor-section-height-default elementor-section-height-default wpr-particle-no wpr-jarallax-no wpr-parallax-no wpr-sticky-section-no\" data-id=\"76d99d8a\" data-element_type=\"section\" data-e-type=\"section\">\n\t\t\t\t\t\t<div class=\"elementor-container elementor-column-gap-default\">\n\t\t\t\t\t<div class=\"elementor-column elementor-col-100 elementor-inner-column elementor-element elementor-element-6d64cf74\" data-id=\"6d64cf74\" data-element_type=\"column\" data-e-type=\"column\">\n\t\t\t<div class=\"elementor-widget-wrap elementor-element-populated\">\n\t\t\t\t\t\t<div class=\"elementor-element elementor-element-23987791 elementor-widget elementor-widget-text-editor\" data-id=\"23987791\" data-element_type=\"widget\" data-e-type=\"widget\" data-widget_type=\"text-editor.default\">\n\t\t\t\t<div class=\"elementor-widget-container\">\n\t\t\t\t\t\t\t\t\t<h3><span style=\"color: #e93a2c;\">Sobre a diretora<\/span><\/h3>\t\t\t\t\t\t\t\t<\/div>\n\t\t\t\t<\/div>\n\t\t\t\t\t<\/div>\n\t\t<\/div>\n\t\t\t\t\t<\/div>\n\t\t<\/section>\n\t\t\t\t<section class=\"elementor-section elementor-inner-section elementor-element elementor-element-476329a3 elementor-section-content-middle elementor-section-boxed elementor-section-height-default elementor-section-height-default wpr-particle-no wpr-jarallax-no wpr-parallax-no wpr-sticky-section-no\" data-id=\"476329a3\" data-element_type=\"section\" data-e-type=\"section\">\n\t\t\t\t\t\t<div class=\"elementor-container elementor-column-gap-default\">\n\t\t\t\t\t<div class=\"elementor-column elementor-col-50 elementor-inner-column elementor-element elementor-element-49c5deb2\" data-id=\"49c5deb2\" data-element_type=\"column\" data-e-type=\"column\">\n\t\t\t<div class=\"elementor-widget-wrap elementor-element-populated\">\n\t\t\t\t\t\t<div class=\"elementor-element elementor-element-4680d373 elementor-widget elementor-widget-image\" data-id=\"4680d373\" data-element_type=\"widget\" data-e-type=\"widget\" data-widget_type=\"image.default\">\n\t\t\t\t<div class=\"elementor-widget-container\">\n\t\t\t\t\t\t\t\t\t\t\t\t\t\t\t<img decoding=\"async\" width=\"2554\" height=\"1434\" data-src=\"https:\/\/mostradecinemasafricanos.com\/wp-content\/uploads\/2022\/06\/Diretora-Karima-Saidi-1.png\" class=\"attachment-full size-full wp-image-3054 lazyload\" alt=\"\" data-srcset=\"https:\/\/mostradecinemasafricanos.com\/wp-content\/uploads\/2022\/06\/Diretora-Karima-Saidi-1.png 2554w, https:\/\/mostradecinemasafricanos.com\/wp-content\/uploads\/2022\/06\/Diretora-Karima-Saidi-1-300x168.png 300w, https:\/\/mostradecinemasafricanos.com\/wp-content\/uploads\/2022\/06\/Diretora-Karima-Saidi-1-1024x575.png 1024w, https:\/\/mostradecinemasafricanos.com\/wp-content\/uploads\/2022\/06\/Diretora-Karima-Saidi-1-768x431.png 768w, https:\/\/mostradecinemasafricanos.com\/wp-content\/uploads\/2022\/06\/Diretora-Karima-Saidi-1-1536x862.png 1536w, https:\/\/mostradecinemasafricanos.com\/wp-content\/uploads\/2022\/06\/Diretora-Karima-Saidi-1-2048x1150.png 2048w, https:\/\/mostradecinemasafricanos.com\/wp-content\/uploads\/2022\/06\/Diretora-Karima-Saidi-1-18x10.png 18w, https:\/\/mostradecinemasafricanos.com\/wp-content\/uploads\/2022\/06\/Diretora-Karima-Saidi-1-260x146.png 260w, https:\/\/mostradecinemasafricanos.com\/wp-content\/uploads\/2022\/06\/Diretora-Karima-Saidi-1-50x28.png 50w, https:\/\/mostradecinemasafricanos.com\/wp-content\/uploads\/2022\/06\/Diretora-Karima-Saidi-1-134x75.png 134w, https:\/\/mostradecinemasafricanos.com\/wp-content\/uploads\/2022\/06\/Diretora-Karima-Saidi-1-1200x675.png 1200w\" data-sizes=\"(max-width:767px) 480px, (max-width:2554px) 100vw, 2554px\" src=\"data:image\/svg+xml;base64,PHN2ZyB3aWR0aD0iMSIgaGVpZ2h0PSIxIiB4bWxucz0iaHR0cDovL3d3dy53My5vcmcvMjAwMC9zdmciPjwvc3ZnPg==\" style=\"--smush-placeholder-width: 2554px; --smush-placeholder-aspect-ratio: 2554\/1434;\" \/>\t\t\t\t\t\t\t\t\t\t\t\t\t\t\t<\/div>\n\t\t\t\t<\/div>\n\t\t\t\t\t<\/div>\n\t\t<\/div>\n\t\t\t\t<div class=\"elementor-column elementor-col-50 elementor-inner-column elementor-element elementor-element-32fa210e\" data-id=\"32fa210e\" data-element_type=\"column\" data-e-type=\"column\">\n\t\t\t<div class=\"elementor-widget-wrap elementor-element-populated\">\n\t\t\t\t\t\t<div class=\"elementor-element elementor-element-50e7d02b elementor-widget elementor-widget-text-editor\" data-id=\"50e7d02b\" data-element_type=\"widget\" data-e-type=\"widget\" data-widget_type=\"text-editor.default\">\n\t\t\t\t<div class=\"elementor-widget-container\">\n\t\t\t\t\t\t\t\t\t<div id=\"sede\" class=\"vc_row wpb_row vc_row-fluid vc_custom_1578878300482 vc_row-has-fill vc_column-gap-10 vc_row-o-equal-height vc_row-flex\"><div class=\"wpb_column vc_column_container vc_col-sm-12\"><div class=\"vc_column-inner\"><div class=\"wpb_wrapper\"><div class=\"vc_row wpb_row vc_inner vc_row-fluid vc_custom_1578879727231 vc_column-gap-10 vc_row-o-equal-height vc_row-o-content-middle vc_row-flex\"><div class=\"wpb_column vc_column_container vc_col-sm-9\"><div class=\"vc_column-inner\"><div class=\"wpb_wrapper\"><div class=\"wpb_text_column wpb_content_element vc_custom_1631458230911\"><div class=\"wpb_wrapper\"><p><span style=\"font-weight: 400;\">Karima Saidi vive na B\u00e9lgica, onde nasceu numa fam\u00edlia de origem marroquina. \u00c9 formada pelo INSAS em edi\u00e7\u00e3o de filmes e continuidade de roteiro, al\u00e9m de mestrado em roteiro e an\u00e1lise pela ULB. Trabalha como editora da televis\u00e3o belga (RTBF) desde 1997, desenvolvendo tamb\u00e9m uma carreira como editora de document\u00e1rios (Femme taxi \u00e0 Sidi Bellabes, de Hadjaj Belkacem, Les damn\u00e9s de la mer, de Jawad Raleb, Cheveux rouges et caf\u00e9 noir, de Milena Bochet) e supervisora de continuidade de longas-metragens (Le cochon de Gaza, de Sylvain Etsibal, \u00c0 perdre la raison, de Joachim Lafosse, Adios Carmen, de M. A. Benamraoui). Em 2013, ela criou Murmurs et 10 voix, uma s\u00e9rie de retratos sonoros de imigrantes marroquinos em Bruxelas. Em 2016, dirigiu o curta-metragem A\u00efcha, uma evoca\u00e7\u00e3o da morte de sua m\u00e3e, prel\u00fadio de A Way Home, seu primeiro longa-metragem. \u00c9 docente nos departamentos de cinema do INSAS em Bruxelas e da ESAV em Marrakech.<\/span><\/p><\/div><\/div><\/div><\/div><\/div><\/div><\/div><\/div><\/div><\/div>\t\t\t\t\t\t\t\t<\/div>\n\t\t\t\t<\/div>\n\t\t\t\t\t<\/div>\n\t\t<\/div>\n\t\t\t\t\t<\/div>\n\t\t<\/section>\n\t\t\t\t\t<\/div>\n\t\t<\/div>\n\t\t\t\t\t<\/div>\n\t\t<\/section>\n\t\t\t\t<section class=\"elementor-section elementor-top-section elementor-element elementor-element-535a7375 elementor-section-stretched elementor-section-boxed elementor-section-height-default elementor-section-height-default wpr-particle-no wpr-jarallax-no wpr-parallax-no wpr-sticky-section-no\" data-id=\"535a7375\" data-element_type=\"section\" data-e-type=\"section\" data-settings=\"{&quot;stretch_section&quot;:&quot;section-stretched&quot;,&quot;background_background&quot;:&quot;classic&quot;}\">\n\t\t\t\t\t\t<div class=\"elementor-container elementor-column-gap-wider\">\n\t\t\t\t\t<div class=\"elementor-column elementor-col-100 elementor-top-column elementor-element elementor-element-1ca2eca1\" data-id=\"1ca2eca1\" data-element_type=\"column\" data-e-type=\"column\">\n\t\t\t<div class=\"elementor-widget-wrap elementor-element-populated\">\n\t\t\t\t\t\t<div class=\"elementor-element elementor-element-4e32445a elementor-widget elementor-widget-video\" data-id=\"4e32445a\" data-element_type=\"widget\" data-e-type=\"widget\" data-settings=\"{&quot;video_type&quot;:&quot;vimeo&quot;}\" data-widget_type=\"video.default\">\n\t\t\t\t<div class=\"elementor-widget-container\">\n\t\t\t\t\t\t\t<div class=\"elementor-wrapper elementor-open-inline\">\n\t\t\t<iframe class=\"elementor-video-iframe lazyload\" allowfullscreen allow=\"clipboard-write\" title=\"Player de V\u00eddeo vimeo\" data-src=\"https:\/\/player.vimeo.com\/video\/510634165?color&amp;autopause=0&amp;loop=0&amp;muted=0&amp;title=1&amp;portrait=1&amp;byline=1#t=\" src=\"data:image\/svg+xml;base64,PHN2ZyB3aWR0aD0iMSIgaGVpZ2h0PSIxIiB4bWxucz0iaHR0cDovL3d3dy53My5vcmcvMjAwMC9zdmciPjwvc3ZnPg==\" data-load-mode=\"1\"><\/iframe>\t\t<\/div>\n\t\t\t\t\t\t<\/div>\n\t\t\t\t<\/div>\n\t\t\t\t\t<\/div>\n\t\t<\/div>\n\t\t\t\t\t<\/div>\n\t\t<\/section>\n\t\t\t\t<\/div>","protected":false},"excerpt":{"rendered":"<p>\u00a0 \u00a0 \u00a0 \u00a0 . Dentro da Casa Dans la Maison\u00a0 B\u00e9lgica\/Fran\u00e7a\/Marrocos\/Catar | 2020 | 90 min | Document\u00e1rio | Livre Dire\u00e7\u00e3o: Karima Sa\u00efdiRoteiro: Karima Sa\u00efdiFotografia:<span class=\"excerpt-hellip\"> [\u2026]<\/span><\/p>","protected":false},"author":2,"featured_media":3048,"menu_order":0,"comment_status":"open","ping_status":"closed","template":"","meta":[],"portfolio-types":[41],"class_list":["post-3047","portfolio","type-portfolio","status-publish","has-post-thumbnail","hentry","portfolio-types-2022-sao-paulo-longas"],"yoast_head":"<!-- This site is optimized with the Yoast SEO plugin v27.2 - https:\/\/yoast.com\/product\/yoast-seo-wordpress\/ -->\n<title>Dentro da casa - Mostra de Cinemas Africanos<\/title>\n<meta name=\"robots\" content=\"index, follow, max-snippet:-1, max-image-preview:large, max-video-preview:-1\" \/>\n<link rel=\"canonical\" href=\"https:\/\/mostradecinemasafricanos.com\/en\/arquivo\/dentro-da-casa\/\" \/>\n<meta property=\"og:locale\" content=\"en_GB\" \/>\n<meta property=\"og:type\" content=\"article\" \/>\n<meta property=\"og:title\" content=\"Dentro da casa - Mostra de Cinemas Africanos\" \/>\n<meta property=\"og:description\" content=\"\u00a0 \u00a0 \u00a0 \u00a0 . Dentro da Casa Dans la Maison\u00a0 B\u00e9lgica\/Fran\u00e7a\/Marrocos\/Catar | 2020 | 90 min | Document\u00e1rio | Livre Dire\u00e7\u00e3o: Karima Sa\u00efdiRoteiro: Karima Sa\u00efdiFotografia: [\u2026]\" \/>\n<meta property=\"og:url\" content=\"https:\/\/mostradecinemasafricanos.com\/en\/arquivo\/dentro-da-casa\/\" \/>\n<meta property=\"og:site_name\" content=\"Mostra de Cinemas Africanos\" \/>\n<meta property=\"article:publisher\" content=\"https:\/\/www.facebook.com\/mostradecinemasafricanos\" \/>\n<meta property=\"article:modified_time\" content=\"2022-06-04T03:07:16+00:00\" \/>\n<meta property=\"og:image\" content=\"https:\/\/mostradecinemasafricanos.com\/wp-content\/uploads\/2022\/06\/Dans-la-maison-poster-e1655592228744.png\" \/>\n\t<meta property=\"og:image:width\" content=\"232\" \/>\n\t<meta property=\"og:image:height\" content=\"305\" \/>\n\t<meta property=\"og:image:type\" content=\"image\/png\" \/>\n<meta name=\"twitter:card\" content=\"summary_large_image\" \/>\n<meta name=\"twitter:label1\" content=\"Estimated reading time\" \/>\n\t<meta name=\"twitter:data1\" content=\"1 minute\" \/>\n<script type=\"application\/ld+json\" class=\"yoast-schema-graph\">{\"@context\":\"https:\/\/schema.org\",\"@graph\":[{\"@type\":\"WebPage\",\"@id\":\"https:\/\/mostradecinemasafricanos.com\/arquivo\/dentro-da-casa\/\",\"url\":\"https:\/\/mostradecinemasafricanos.com\/arquivo\/dentro-da-casa\/\",\"name\":\"Dentro da casa - Mostra de Cinemas Africanos\",\"isPartOf\":{\"@id\":\"https:\/\/mostradecinemasafricanos.com\/#website\"},\"primaryImageOfPage\":{\"@id\":\"https:\/\/mostradecinemasafricanos.com\/arquivo\/dentro-da-casa\/#primaryimage\"},\"image\":{\"@id\":\"https:\/\/mostradecinemasafricanos.com\/arquivo\/dentro-da-casa\/#primaryimage\"},\"thumbnailUrl\":\"https:\/\/mostradecinemasafricanos.com\/wp-content\/uploads\/2022\/06\/Dans-la-maison-poster-e1655592228744.png\",\"datePublished\":\"2022-06-03T01:35:52+00:00\",\"dateModified\":\"2022-06-04T03:07:16+00:00\",\"breadcrumb\":{\"@id\":\"https:\/\/mostradecinemasafricanos.com\/arquivo\/dentro-da-casa\/#breadcrumb\"},\"inLanguage\":\"en-GB\",\"potentialAction\":[{\"@type\":\"ReadAction\",\"target\":[\"https:\/\/mostradecinemasafricanos.com\/arquivo\/dentro-da-casa\/\"]}]},{\"@type\":\"ImageObject\",\"inLanguage\":\"en-GB\",\"@id\":\"https:\/\/mostradecinemasafricanos.com\/arquivo\/dentro-da-casa\/#primaryimage\",\"url\":\"https:\/\/mostradecinemasafricanos.com\/wp-content\/uploads\/2022\/06\/Dans-la-maison-poster-e1655592228744.png\",\"contentUrl\":\"https:\/\/mostradecinemasafricanos.com\/wp-content\/uploads\/2022\/06\/Dans-la-maison-poster-e1655592228744.png\",\"width\":232,\"height\":305},{\"@type\":\"BreadcrumbList\",\"@id\":\"https:\/\/mostradecinemasafricanos.com\/arquivo\/dentro-da-casa\/#breadcrumb\",\"itemListElement\":[{\"@type\":\"ListItem\",\"position\":1,\"name\":\"In\u00edcio\",\"item\":\"https:\/\/mostradecinemasafricanos.com\/\"},{\"@type\":\"ListItem\",\"position\":2,\"name\":\"Dentro da casa\"}]},{\"@type\":\"WebSite\",\"@id\":\"https:\/\/mostradecinemasafricanos.com\/#website\",\"url\":\"https:\/\/mostradecinemasafricanos.com\/\",\"name\":\"Mostra de Cinemas Africanos\",\"description\":\"Brazil African Film Festival\",\"publisher\":{\"@id\":\"https:\/\/mostradecinemasafricanos.com\/#organization\"},\"potentialAction\":[{\"@type\":\"SearchAction\",\"target\":{\"@type\":\"EntryPoint\",\"urlTemplate\":\"https:\/\/mostradecinemasafricanos.com\/?s={search_term_string}\"},\"query-input\":{\"@type\":\"PropertyValueSpecification\",\"valueRequired\":true,\"valueName\":\"search_term_string\"}}],\"inLanguage\":\"en-GB\"},{\"@type\":\"Organization\",\"@id\":\"https:\/\/mostradecinemasafricanos.com\/#organization\",\"name\":\"Mostra de Cinemas Africanos\",\"url\":\"https:\/\/mostradecinemasafricanos.com\/\",\"logo\":{\"@type\":\"ImageObject\",\"inLanguage\":\"en-GB\",\"@id\":\"https:\/\/mostradecinemasafricanos.com\/#\/schema\/logo\/image\/\",\"url\":\"https:\/\/mostradecinemasafricanos.com\/wp-content\/uploads\/2024\/07\/mca-logo-menor.png\",\"contentUrl\":\"https:\/\/mostradecinemasafricanos.com\/wp-content\/uploads\/2024\/07\/mca-logo-menor.png\",\"width\":500,\"height\":387,\"caption\":\"Mostra de Cinemas Africanos\"},\"image\":{\"@id\":\"https:\/\/mostradecinemasafricanos.com\/#\/schema\/logo\/image\/\"},\"sameAs\":[\"https:\/\/www.facebook.com\/mostradecinemasafricanos\",\"https:\/\/www.instagram.com\/mostradecinemasafricanos\/\"]}]}<\/script>\n<!-- \/ Yoast SEO plugin. -->","yoast_head_json":{"title":"Dentro da casa - Mostra de Cinemas Africanos","robots":{"index":"index","follow":"follow","max-snippet":"max-snippet:-1","max-image-preview":"max-image-preview:large","max-video-preview":"max-video-preview:-1"},"canonical":"https:\/\/mostradecinemasafricanos.com\/en\/arquivo\/dentro-da-casa\/","og_locale":"en_GB","og_type":"article","og_title":"Dentro da casa - Mostra de Cinemas Africanos","og_description":"\u00a0 \u00a0 \u00a0 \u00a0 . Dentro da Casa Dans la Maison\u00a0 B\u00e9lgica\/Fran\u00e7a\/Marrocos\/Catar | 2020 | 90 min | Document\u00e1rio | Livre Dire\u00e7\u00e3o: Karima Sa\u00efdiRoteiro: Karima Sa\u00efdiFotografia: [\u2026]","og_url":"https:\/\/mostradecinemasafricanos.com\/en\/arquivo\/dentro-da-casa\/","og_site_name":"Mostra de Cinemas Africanos","article_publisher":"https:\/\/www.facebook.com\/mostradecinemasafricanos","article_modified_time":"2022-06-04T03:07:16+00:00","og_image":[{"width":232,"height":305,"url":"https:\/\/mostradecinemasafricanos.com\/wp-content\/uploads\/2022\/06\/Dans-la-maison-poster-e1655592228744.png","type":"image\/png"}],"twitter_card":"summary_large_image","twitter_misc":{"Estimated reading time":"1 minute"},"schema":{"@context":"https:\/\/schema.org","@graph":[{"@type":"WebPage","@id":"https:\/\/mostradecinemasafricanos.com\/arquivo\/dentro-da-casa\/","url":"https:\/\/mostradecinemasafricanos.com\/arquivo\/dentro-da-casa\/","name":"Dentro da casa - Mostra de Cinemas Africanos","isPartOf":{"@id":"https:\/\/mostradecinemasafricanos.com\/#website"},"primaryImageOfPage":{"@id":"https:\/\/mostradecinemasafricanos.com\/arquivo\/dentro-da-casa\/#primaryimage"},"image":{"@id":"https:\/\/mostradecinemasafricanos.com\/arquivo\/dentro-da-casa\/#primaryimage"},"thumbnailUrl":"https:\/\/mostradecinemasafricanos.com\/wp-content\/uploads\/2022\/06\/Dans-la-maison-poster-e1655592228744.png","datePublished":"2022-06-03T01:35:52+00:00","dateModified":"2022-06-04T03:07:16+00:00","breadcrumb":{"@id":"https:\/\/mostradecinemasafricanos.com\/arquivo\/dentro-da-casa\/#breadcrumb"},"inLanguage":"en-GB","potentialAction":[{"@type":"ReadAction","target":["https:\/\/mostradecinemasafricanos.com\/arquivo\/dentro-da-casa\/"]}]},{"@type":"ImageObject","inLanguage":"en-GB","@id":"https:\/\/mostradecinemasafricanos.com\/arquivo\/dentro-da-casa\/#primaryimage","url":"https:\/\/mostradecinemasafricanos.com\/wp-content\/uploads\/2022\/06\/Dans-la-maison-poster-e1655592228744.png","contentUrl":"https:\/\/mostradecinemasafricanos.com\/wp-content\/uploads\/2022\/06\/Dans-la-maison-poster-e1655592228744.png","width":232,"height":305},{"@type":"BreadcrumbList","@id":"https:\/\/mostradecinemasafricanos.com\/arquivo\/dentro-da-casa\/#breadcrumb","itemListElement":[{"@type":"ListItem","position":1,"name":"In\u00edcio","item":"https:\/\/mostradecinemasafricanos.com\/"},{"@type":"ListItem","position":2,"name":"Dentro da casa"}]},{"@type":"WebSite","@id":"https:\/\/mostradecinemasafricanos.com\/#website","url":"https:\/\/mostradecinemasafricanos.com\/","name":"Mostra de Cinemas Africanos","description":"Brazil African Film Festival","publisher":{"@id":"https:\/\/mostradecinemasafricanos.com\/#organization"},"potentialAction":[{"@type":"SearchAction","target":{"@type":"EntryPoint","urlTemplate":"https:\/\/mostradecinemasafricanos.com\/?s={search_term_string}"},"query-input":{"@type":"PropertyValueSpecification","valueRequired":true,"valueName":"search_term_string"}}],"inLanguage":"en-GB"},{"@type":"Organization","@id":"https:\/\/mostradecinemasafricanos.com\/#organization","name":"Mostra de Cinemas Africanos","url":"https:\/\/mostradecinemasafricanos.com\/","logo":{"@type":"ImageObject","inLanguage":"en-GB","@id":"https:\/\/mostradecinemasafricanos.com\/#\/schema\/logo\/image\/","url":"https:\/\/mostradecinemasafricanos.com\/wp-content\/uploads\/2024\/07\/mca-logo-menor.png","contentUrl":"https:\/\/mostradecinemasafricanos.com\/wp-content\/uploads\/2024\/07\/mca-logo-menor.png","width":500,"height":387,"caption":"Mostra de Cinemas Africanos"},"image":{"@id":"https:\/\/mostradecinemasafricanos.com\/#\/schema\/logo\/image\/"},"sameAs":["https:\/\/www.facebook.com\/mostradecinemasafricanos","https:\/\/www.instagram.com\/mostradecinemasafricanos\/"]}]}},"_links":{"self":[{"href":"https:\/\/mostradecinemasafricanos.com\/en\/wp-json\/wp\/v2\/portfolio\/3047","targetHints":{"allow":["GET"]}}],"collection":[{"href":"https:\/\/mostradecinemasafricanos.com\/en\/wp-json\/wp\/v2\/portfolio"}],"about":[{"href":"https:\/\/mostradecinemasafricanos.com\/en\/wp-json\/wp\/v2\/types\/portfolio"}],"author":[{"embeddable":true,"href":"https:\/\/mostradecinemasafricanos.com\/en\/wp-json\/wp\/v2\/users\/2"}],"replies":[{"embeddable":true,"href":"https:\/\/mostradecinemasafricanos.com\/en\/wp-json\/wp\/v2\/comments?post=3047"}],"version-history":[{"count":10,"href":"https:\/\/mostradecinemasafricanos.com\/en\/wp-json\/wp\/v2\/portfolio\/3047\/revisions"}],"predecessor-version":[{"id":3232,"href":"https:\/\/mostradecinemasafricanos.com\/en\/wp-json\/wp\/v2\/portfolio\/3047\/revisions\/3232"}],"wp:featuredmedia":[{"embeddable":true,"href":"https:\/\/mostradecinemasafricanos.com\/en\/wp-json\/wp\/v2\/media\/3048"}],"wp:attachment":[{"href":"https:\/\/mostradecinemasafricanos.com\/en\/wp-json\/wp\/v2\/media?parent=3047"}],"wp:term":[{"taxonomy":"portfolio-types","embeddable":true,"href":"https:\/\/mostradecinemasafricanos.com\/en\/wp-json\/wp\/v2\/portfolio-types?post=3047"}],"curies":[{"name":"wp","href":"https:\/\/api.w.org\/{rel}","templated":true}]}}