{"id":14984,"date":"2026-08-21T04:03:18","date_gmt":"2026-08-21T04:03:18","guid":{"rendered":"https:\/\/mostradecinemasafricanos.com\/?page_id=14984"},"modified":"2026-08-21T04:43:50","modified_gmt":"2026-08-21T04:43:50","slug":"convidados-2026","status":"publish","type":"page","link":"https:\/\/mostradecinemasafricanos.com\/en\/convidados-2026\/","title":{"rendered":"Convidados 2026"},"content":{"rendered":"<div data-elementor-type=\"wp-page\" data-elementor-id=\"14984\" class=\"elementor elementor-14984\">\n\t\t\t\t\t\t<section class=\"elementor-section elementor-top-section elementor-element elementor-element-5bde0e98 elementor-section-boxed elementor-section-height-default elementor-section-height-default wpr-particle-no wpr-jarallax-no wpr-parallax-no wpr-sticky-section-no wpr-column-slider-no wpr-equal-height-no\" data-id=\"5bde0e98\" data-element_type=\"section\" data-e-type=\"section\">\n\t\t\t\t\t\t<div class=\"elementor-container elementor-column-gap-default\">\n\t\t\t\t\t<div class=\"elementor-column elementor-col-100 elementor-top-column elementor-element elementor-element-3172e67b\" data-id=\"3172e67b\" data-element_type=\"column\" data-e-type=\"column\">\n\t\t\t<div class=\"elementor-widget-wrap elementor-element-populated\">\n\t\t\t\t\t\t<section class=\"elementor-section elementor-inner-section elementor-element elementor-element-3076c1b2 elementor-section-boxed elementor-section-height-default elementor-section-height-default wpr-particle-no wpr-jarallax-no wpr-parallax-no wpr-sticky-section-no wpr-column-slider-no wpr-equal-height-no\" data-id=\"3076c1b2\" data-element_type=\"section\" data-e-type=\"section\">\n\t\t\t\t\t\t<div class=\"elementor-container elementor-column-gap-default\">\n\t\t\t\t\t<div class=\"elementor-column elementor-col-100 elementor-inner-column elementor-element elementor-element-5a0cdba4\" data-id=\"5a0cdba4\" data-element_type=\"column\" data-e-type=\"column\">\n\t\t\t<div class=\"elementor-widget-wrap elementor-element-populated\">\n\t\t\t\t\t\t<div class=\"elementor-element elementor-element-313affe elementor-widget elementor-widget-spacer\" data-id=\"313affe\" data-element_type=\"widget\" data-e-type=\"widget\" data-widget_type=\"spacer.default\">\n\t\t\t\t<div class=\"elementor-widget-container\">\n\t\t\t\t\t\t\t<div class=\"elementor-spacer\">\n\t\t\t<div class=\"elementor-spacer-inner\"><\/div>\n\t\t<\/div>\n\t\t\t\t\t\t<\/div>\n\t\t\t\t<\/div>\n\t\t\t\t<section class=\"elementor-section elementor-inner-section elementor-element elementor-element-1eb8dec elementor-section-boxed elementor-section-height-default elementor-section-height-default wpr-particle-no wpr-jarallax-no wpr-parallax-no wpr-sticky-section-no wpr-column-slider-no wpr-equal-height-no\" data-id=\"1eb8dec\" data-element_type=\"section\" data-e-type=\"section\" data-settings=\"{&quot;background_background&quot;:&quot;classic&quot;}\">\n\t\t\t\t\t\t<div class=\"elementor-container elementor-column-gap-default\">\n\t\t\t\t\t<div class=\"elementor-column elementor-col-50 elementor-inner-column elementor-element elementor-element-8d606de\" data-id=\"8d606de\" data-element_type=\"column\" data-e-type=\"column\">\n\t\t\t<div class=\"elementor-widget-wrap elementor-element-populated\">\n\t\t\t\t\t\t<div class=\"elementor-element elementor-element-c757eca elementor-widget elementor-widget-image\" data-id=\"c757eca\" data-element_type=\"widget\" data-e-type=\"widget\" data-widget_type=\"image.default\">\n\t\t\t\t<div class=\"elementor-widget-container\">\n\t\t\t\t\t\t\t\t\t\t\t\t\t\t\t<img decoding=\"async\" data-src=\"https:\/\/mostradecinemasafricanos.com\/wp-content\/uploads\/elementor\/thumbs\/IMG-20250220-WA0000-rs2ggw1s1yy96xmzc6ozkcxx8v34h3pgilbk0mw3aw.jpg\" title=\"aicha chloe boro\" alt=\"aicha chloe boro\" src=\"data:image\/svg+xml;base64,PHN2ZyB3aWR0aD0iMSIgaGVpZ2h0PSIxIiB4bWxucz0iaHR0cDovL3d3dy53My5vcmcvMjAwMC9zdmciPjwvc3ZnPg==\" class=\"lazyload\" style=\"--smush-placeholder-width: 300px; --smush-placeholder-aspect-ratio: 300\/300;\" \/>\t\t\t\t\t\t\t\t\t\t\t\t\t\t\t<\/div>\n\t\t\t\t<\/div>\n\t\t\t\t\t<\/div>\n\t\t<\/div>\n\t\t\t\t<div class=\"elementor-column elementor-col-50 elementor-inner-column elementor-element elementor-element-4702d46\" data-id=\"4702d46\" data-element_type=\"column\" data-e-type=\"column\">\n\t\t\t<div class=\"elementor-widget-wrap elementor-element-populated\">\n\t\t\t\t\t\t<div class=\"elementor-element elementor-element-176b008 elementor-widget elementor-widget-text-editor\" data-id=\"176b008\" data-element_type=\"widget\" data-e-type=\"widget\" data-widget_type=\"text-editor.default\">\n\t\t\t\t<div class=\"elementor-widget-container\">\n\t\t\t\t\t\t\t\t\t<h4>Chlo\u00e9-Aicha Boro<\/h4>\t\t\t\t\t\t\t\t<\/div>\n\t\t\t\t<\/div>\n\t\t\t\t<div class=\"elementor-element elementor-element-3370687 elementor-widget elementor-widget-text-editor\" data-id=\"3370687\" data-element_type=\"widget\" data-e-type=\"widget\" data-widget_type=\"text-editor.default\">\n\t\t\t\t<div class=\"elementor-widget-container\">\n\t\t\t\t\t\t\t\t\t<h6 class=\"band4-heading3\">Burkina Faso \/ Fran\u00e7a<\/h6>\t\t\t\t\t\t\t\t<\/div>\n\t\t\t\t<\/div>\n\t\t\t\t<div class=\"elementor-element elementor-element-e637c9c elementor-widget elementor-widget-text-editor\" data-id=\"e637c9c\" data-element_type=\"widget\" data-e-type=\"widget\" data-widget_type=\"text-editor.default\">\n\t\t\t\t<div class=\"elementor-widget-container\">\n\t\t\t\t\t\t\t\t\t<p><span style=\"font-weight: 400;\">Chlo\u00e9 A\u00efcha Boro \u00e9 cineasta, escritora, roteirista e produtora burkinab\u00e9. Antes do cinema, estudou Letras e trabalhou como jornalista na imprensa escrita, no r\u00e1dio e na televis\u00e3o. Sua obra documental investiga rela\u00e7\u00f5es de trabalho, fam\u00edlia, heran\u00e7a e poder em filmes como <\/span><i><span style=\"font-weight: 400;\">France-Aurevoir, le nouveau commerce triangulaire<\/span><\/i><span style=\"font-weight: 400;\">, <\/span><i><span style=\"font-weight: 400;\">Le Loup d\u2019or de Balol\u00e9<\/span><\/i><span style=\"font-weight: 400;\">, vencedor do \u00c9talon d\u2019or de document\u00e1rio no FESPACO 2019, e <\/span><i><span style=\"font-weight: 400;\">Al Djanat, paradis originel<\/span><\/i><span style=\"font-weight: 400;\">. <\/span><i><span style=\"font-weight: 400;\">As Desvirtuosas<\/span><\/i><span style=\"font-weight: 400;\">, seu primeiro longa de fic\u00e7\u00e3o, parte de uma mem\u00f3ria familiar para acompanhar duas mulheres diante das escolhas que lhes foram negadas.<\/span><\/p>\t\t\t\t\t\t\t\t<\/div>\n\t\t\t\t<\/div>\n\t\t\t\t\t<\/div>\n\t\t<\/div>\n\t\t\t\t\t<\/div>\n\t\t<\/section>\n\t\t\t\t<div class=\"elementor-element elementor-element-5efc80c elementor-widget-divider--separator-type-pattern elementor-widget-divider--no-spacing elementor-widget-divider--view-line elementor-widget elementor-widget-divider\" data-id=\"5efc80c\" data-element_type=\"widget\" data-e-type=\"widget\" data-widget_type=\"divider.default\">\n\t\t\t\t<div class=\"elementor-widget-container\">\n\t\t\t\t\t\t\t<div class=\"elementor-divider\" style=\"--divider-pattern-url: url(&quot;data:image\/svg+xml,%3Csvg xmlns=&#039;http:\/\/www.w3.org\/2000\/svg&#039; preserveAspectRatio=&#039;xMidYMid meet&#039; overflow=&#039;visible&#039; height=&#039;100%&#039; viewBox=&#039;0 0 126 26&#039; fill=&#039;black&#039; stroke=&#039;none&#039;%3E%3Cpath d=&#039;M3,10.2c2.6,0,2.6,2,2.6,3.2S4.4,16.5,3,16.5s-3-1.4-3-3.2S0.4,10.2,3,10.2z M18.8,10.2c1.7,0,3.2,1.4,3.2,3.2s-1.4,3.2-3.2,3.2c-1.7,0-3.2-1.4-3.2-3.2S17,10.2,18.8,10.2z M34.6,10.2c1.5,0,2.6,1.4,2.6,3.2s-0.5,3.2-1.9,3.2c-1.5,0-3.4-1.4-3.4-3.2S33.1,10.2,34.6,10.2z M50.5,10.2c1.7,0,3.2,1.4,3.2,3.2s-1.4,3.2-3.2,3.2c-1.7,0-3.3-0.9-3.3-2.6S48.7,10.2,50.5,10.2z M66.2,10.2c1.5,0,3.4,1.4,3.4,3.2s-1.9,3.2-3.4,3.2c-1.5,0-2.6-0.4-2.6-2.1S64.8,10.2,66.2,10.2z M82.2,10.2c1.7,0.8,2.6,1.4,2.6,3.2s-0.1,3.2-1.6,3.2c-1.5,0-3.7-1.4-3.7-3.2S80.5,9.4,82.2,10.2zM98.6,10.2c1.5,0,2.6,0.4,2.6,2.1s-1.2,4.2-2.6,4.2c-1.5,0-3.7-0.4-3.7-2.1S97.1,10.2,98.6,10.2z M113.4,10.2c1.2,0,2.2,0.9,2.2,3.2s-0.1,3.2-1.3,3.2s-3.1-1.4-3.1-3.2S112.2,10.2,113.4,10.2z&#039;\/%3E%3C\/svg%3E&quot;);\">\n\t\t\t<span class=\"elementor-divider-separator\">\n\t\t\t\t\t\t<\/span>\n\t\t<\/div>\n\t\t\t\t\t\t<\/div>\n\t\t\t\t<\/div>\n\t\t\t\t<section class=\"elementor-section elementor-inner-section elementor-element elementor-element-954214d elementor-section-boxed elementor-section-height-default elementor-section-height-default wpr-particle-no wpr-jarallax-no wpr-parallax-no wpr-sticky-section-no wpr-column-slider-no wpr-equal-height-no\" data-id=\"954214d\" data-element_type=\"section\" data-e-type=\"section\" data-settings=\"{&quot;background_background&quot;:&quot;classic&quot;}\">\n\t\t\t\t\t\t<div class=\"elementor-container elementor-column-gap-default\">\n\t\t\t\t\t<div class=\"elementor-column elementor-col-50 elementor-inner-column elementor-element elementor-element-4a20c78\" data-id=\"4a20c78\" data-element_type=\"column\" data-e-type=\"column\">\n\t\t\t<div class=\"elementor-widget-wrap elementor-element-populated\">\n\t\t\t\t\t\t<div class=\"elementor-element elementor-element-6d1e656 elementor-widget elementor-widget-image\" data-id=\"6d1e656\" data-element_type=\"widget\" data-e-type=\"widget\" data-widget_type=\"image.default\">\n\t\t\t\t<div class=\"elementor-widget-container\">\n\t\t\t\t\t\t\t\t\t\t\t\t\t\t\t<img decoding=\"async\" data-src=\"https:\/\/mostradecinemasafricanos.com\/wp-content\/uploads\/elementor\/thumbs\/Picture-Damien-Hauser-e1787285458790-rs7s7s740mhp74suahz96xsau1lt4gpp8qnlrdwiig.jpeg\" title=\"Picture Damien Hauser\" alt=\"Picture Damien Hauser\" src=\"data:image\/svg+xml;base64,PHN2ZyB3aWR0aD0iMSIgaGVpZ2h0PSIxIiB4bWxucz0iaHR0cDovL3d3dy53My5vcmcvMjAwMC9zdmciPjwvc3ZnPg==\" class=\"lazyload\" style=\"--smush-placeholder-width: 300px; --smush-placeholder-aspect-ratio: 300\/300;\" \/>\t\t\t\t\t\t\t\t\t\t\t\t\t\t\t<\/div>\n\t\t\t\t<\/div>\n\t\t\t\t\t<\/div>\n\t\t<\/div>\n\t\t\t\t<div class=\"elementor-column elementor-col-50 elementor-inner-column elementor-element elementor-element-e137e0a\" data-id=\"e137e0a\" data-element_type=\"column\" data-e-type=\"column\">\n\t\t\t<div class=\"elementor-widget-wrap elementor-element-populated\">\n\t\t\t\t\t\t<div class=\"elementor-element elementor-element-3ea2553 elementor-widget elementor-widget-text-editor\" data-id=\"3ea2553\" data-element_type=\"widget\" data-e-type=\"widget\" data-widget_type=\"text-editor.default\">\n\t\t\t\t<div class=\"elementor-widget-container\">\n\t\t\t\t\t\t\t\t\t<h4>Damien Hauser<\/h4>\t\t\t\t\t\t\t\t<\/div>\n\t\t\t\t<\/div>\n\t\t\t\t<div class=\"elementor-element elementor-element-0f4f0ce elementor-widget elementor-widget-text-editor\" data-id=\"0f4f0ce\" data-element_type=\"widget\" data-e-type=\"widget\" data-widget_type=\"text-editor.default\">\n\t\t\t\t<div class=\"elementor-widget-container\">\n\t\t\t\t\t\t\t\t\t<h6 class=\"band4-heading3\">Qu\u00eania \/ Su\u00ed\u00e7a<\/h6>\t\t\t\t\t\t\t\t<\/div>\n\t\t\t\t<\/div>\n\t\t\t\t<div class=\"elementor-element elementor-element-174bfc1 elementor-widget elementor-widget-text-editor\" data-id=\"174bfc1\" data-element_type=\"widget\" data-e-type=\"widget\" data-widget_type=\"text-editor.default\">\n\t\t\t\t<div class=\"elementor-widget-container\">\n\t\t\t\t\t\t\t\t\t<p><span style=\"font-weight: 400;\">Damien Hauser \u00e9 cineasta e roteirista su\u00ed\u00e7o-queniano, nascido em Zurique em 2001. Come\u00e7ou a realizar curtas-metragens ainda na inf\u00e2ncia e estudou cinema na SAE entre 2016 e 2020. Nos \u00faltimos anos, dirigiu tr\u00eas longas-metragens exibidos em festivais como Tallinn Black Nights, IFFR Rotterdam e BFI London, al\u00e9m de ter trabalhos dispon\u00edveis na Netflix. Em 2024, fundou a produtora Hauserfilm.<\/span><\/p>\t\t\t\t\t\t\t\t<\/div>\n\t\t\t\t<\/div>\n\t\t\t\t\t<\/div>\n\t\t<\/div>\n\t\t\t\t\t<\/div>\n\t\t<\/section>\n\t\t\t\t\t<\/div>\n\t\t<\/div>\n\t\t\t\t\t<\/div>\n\t\t<\/section>\n\t\t\t\t<div class=\"elementor-element elementor-element-d514de1 elementor-widget-divider--separator-type-pattern elementor-widget-divider--no-spacing elementor-widget-divider--view-line elementor-widget elementor-widget-divider\" data-id=\"d514de1\" data-element_type=\"widget\" data-e-type=\"widget\" data-widget_type=\"divider.default\">\n\t\t\t\t<div class=\"elementor-widget-container\">\n\t\t\t\t\t\t\t<div class=\"elementor-divider\" style=\"--divider-pattern-url: url(&quot;data:image\/svg+xml,%3Csvg xmlns=&#039;http:\/\/www.w3.org\/2000\/svg&#039; preserveAspectRatio=&#039;xMidYMid meet&#039; overflow=&#039;visible&#039; height=&#039;100%&#039; viewBox=&#039;0 0 126 26&#039; fill=&#039;black&#039; stroke=&#039;none&#039;%3E%3Cpath d=&#039;M3,10.2c2.6,0,2.6,2,2.6,3.2S4.4,16.5,3,16.5s-3-1.4-3-3.2S0.4,10.2,3,10.2z M18.8,10.2c1.7,0,3.2,1.4,3.2,3.2s-1.4,3.2-3.2,3.2c-1.7,0-3.2-1.4-3.2-3.2S17,10.2,18.8,10.2z M34.6,10.2c1.5,0,2.6,1.4,2.6,3.2s-0.5,3.2-1.9,3.2c-1.5,0-3.4-1.4-3.4-3.2S33.1,10.2,34.6,10.2z M50.5,10.2c1.7,0,3.2,1.4,3.2,3.2s-1.4,3.2-3.2,3.2c-1.7,0-3.3-0.9-3.3-2.6S48.7,10.2,50.5,10.2z M66.2,10.2c1.5,0,3.4,1.4,3.4,3.2s-1.9,3.2-3.4,3.2c-1.5,0-2.6-0.4-2.6-2.1S64.8,10.2,66.2,10.2z M82.2,10.2c1.7,0.8,2.6,1.4,2.6,3.2s-0.1,3.2-1.6,3.2c-1.5,0-3.7-1.4-3.7-3.2S80.5,9.4,82.2,10.2zM98.6,10.2c1.5,0,2.6,0.4,2.6,2.1s-1.2,4.2-2.6,4.2c-1.5,0-3.7-0.4-3.7-2.1S97.1,10.2,98.6,10.2z M113.4,10.2c1.2,0,2.2,0.9,2.2,3.2s-0.1,3.2-1.3,3.2s-3.1-1.4-3.1-3.2S112.2,10.2,113.4,10.2z&#039;\/%3E%3C\/svg%3E&quot;);\">\n\t\t\t<span class=\"elementor-divider-separator\">\n\t\t\t\t\t\t<\/span>\n\t\t<\/div>\n\t\t\t\t\t\t<\/div>\n\t\t\t\t<\/div>\n\t\t\t\t<section class=\"elementor-section elementor-inner-section elementor-element elementor-element-155064a elementor-section-boxed elementor-section-height-default elementor-section-height-default wpr-particle-no wpr-jarallax-no wpr-parallax-no wpr-sticky-section-no wpr-column-slider-no wpr-equal-height-no\" data-id=\"155064a\" data-element_type=\"section\" data-e-type=\"section\" data-settings=\"{&quot;background_background&quot;:&quot;classic&quot;}\">\n\t\t\t\t\t\t<div class=\"elementor-container elementor-column-gap-default\">\n\t\t\t\t\t<div class=\"elementor-column elementor-col-50 elementor-inner-column elementor-element elementor-element-a0ea9c9\" data-id=\"a0ea9c9\" data-element_type=\"column\" data-e-type=\"column\">\n\t\t\t<div class=\"elementor-widget-wrap elementor-element-populated\">\n\t\t\t\t\t\t<div class=\"elementor-element elementor-element-747393a elementor-widget elementor-widget-image\" data-id=\"747393a\" data-element_type=\"widget\" data-e-type=\"widget\" data-widget_type=\"image.default\">\n\t\t\t\t<div class=\"elementor-widget-container\">\n\t\t\t\t\t\t\t\t\t\t\t\t\t\t\t<img fetchpriority=\"high\" decoding=\"async\" width=\"1162\" height=\"1281\" src=\"https:\/\/mostradecinemasafricanos.com\/wp-content\/uploads\/2026\/08\/Ivonete-Pinto.jpg\" class=\"attachment-full size-full wp-image-14993\" alt=\"\" srcset=\"https:\/\/mostradecinemasafricanos.com\/wp-content\/uploads\/2026\/08\/Ivonete-Pinto.jpg 1162w, https:\/\/mostradecinemasafricanos.com\/wp-content\/uploads\/2026\/08\/Ivonete-Pinto-454x500.jpg 454w, https:\/\/mostradecinemasafricanos.com\/wp-content\/uploads\/2026\/08\/Ivonete-Pinto-1089x1200.jpg 1089w, https:\/\/mostradecinemasafricanos.com\/wp-content\/uploads\/2026\/08\/Ivonete-Pinto-272x300.jpg 272w, https:\/\/mostradecinemasafricanos.com\/wp-content\/uploads\/2026\/08\/Ivonete-Pinto-768x847.jpg 768w, https:\/\/mostradecinemasafricanos.com\/wp-content\/uploads\/2026\/08\/Ivonete-Pinto-11x12.jpg 11w, https:\/\/mostradecinemasafricanos.com\/wp-content\/uploads\/2026\/08\/Ivonete-Pinto-68x75.jpg 68w, https:\/\/mostradecinemasafricanos.com\/wp-content\/uploads\/2026\/08\/Ivonete-Pinto-480x529.jpg 480w\" sizes=\"(max-width:767px) 480px, (max-width:1162px) 100vw, 1162px\" \/>\t\t\t\t\t\t\t\t\t\t\t\t\t\t\t<\/div>\n\t\t\t\t<\/div>\n\t\t\t\t\t<\/div>\n\t\t<\/div>\n\t\t\t\t<div class=\"elementor-column elementor-col-50 elementor-inner-column elementor-element elementor-element-22cf036\" data-id=\"22cf036\" data-element_type=\"column\" data-e-type=\"column\">\n\t\t\t<div class=\"elementor-widget-wrap elementor-element-populated\">\n\t\t\t\t\t\t<div class=\"elementor-element elementor-element-1ec6467 elementor-widget elementor-widget-text-editor\" data-id=\"1ec6467\" data-element_type=\"widget\" data-e-type=\"widget\" data-widget_type=\"text-editor.default\">\n\t\t\t\t<div class=\"elementor-widget-container\">\n\t\t\t\t\t\t\t\t\t<h4>Ivonete Pinto<\/h4>\t\t\t\t\t\t\t\t<\/div>\n\t\t\t\t<\/div>\n\t\t\t\t<div class=\"elementor-element elementor-element-52436e0 elementor-widget elementor-widget-text-editor\" data-id=\"52436e0\" data-element_type=\"widget\" data-e-type=\"widget\" data-widget_type=\"text-editor.default\">\n\t\t\t\t<div class=\"elementor-widget-container\">\n\t\t\t\t\t\t\t\t\t<h6 class=\"band4-heading3\">Brasil<\/h6>\t\t\t\t\t\t\t\t<\/div>\n\t\t\t\t<\/div>\n\t\t\t\t<div class=\"elementor-element elementor-element-79d03f0 elementor-widget elementor-widget-text-editor\" data-id=\"79d03f0\" data-element_type=\"widget\" data-e-type=\"widget\" data-widget_type=\"text-editor.default\">\n\t\t\t\t<div class=\"elementor-widget-container\">\n\t\t\t\t\t\t\t\t\t<p>Jornalista; cr\u00edtica de cinema; doutorado pela USP sobre Abbas Kiarostami com orienta\u00e7\u00e3o de Jean-Claude Bernardet; docente no curso de Cinema da UFPel; Pesquisadora Visitante na Universidade de Leeds (UK, 2024-2025) com tema voltado ao cinema ind\u00edgena; presidente da Assoc. Bras. de Cr\u00edticos de Cinema &#8211; Abraccine (2019-2021) e da Assoc. de Cr\u00edticos de Cinema do RS &#8211; Accirs (2008-2010); autora, entre outros, de Cinemas Perif\u00e9ricos \u2013 est\u00e9ticas e contextos n\u00e3o hegem\u00f4nicos e Descobrindo o Ir\u00e3; coorganizadora pela Abraccine de livros sobre Jean-Claude Bernardet Ismail Xavier e 100 Filmes Brasileiros Essenciais (no prelo); coeditora da revista Teorema Cr\u00edtica de Cinema (2002-2022); participou como jurada da Federa\u00e7\u00e3o Internacional de Cr\u00edticos de Cinema &#8211; Fipresci em festivais como os de Berlim, Cannes, Toronto, Cartagena, Rio de Janeiro, Locarno, San Sebastian e Havana. Escreve para o site CinemaEscrito.<\/p>\t\t\t\t\t\t\t\t<\/div>\n\t\t\t\t<\/div>\n\t\t\t\t\t<\/div>\n\t\t<\/div>\n\t\t\t\t\t<\/div>\n\t\t<\/section>\n\t\t\t\t<div class=\"elementor-element elementor-element-fc8ec01 elementor-widget-divider--separator-type-pattern elementor-widget-divider--no-spacing elementor-widget-divider--view-line elementor-widget elementor-widget-divider\" data-id=\"fc8ec01\" data-element_type=\"widget\" data-e-type=\"widget\" data-widget_type=\"divider.default\">\n\t\t\t\t<div class=\"elementor-widget-container\">\n\t\t\t\t\t\t\t<div class=\"elementor-divider\" style=\"--divider-pattern-url: url(&quot;data:image\/svg+xml,%3Csvg xmlns=&#039;http:\/\/www.w3.org\/2000\/svg&#039; preserveAspectRatio=&#039;xMidYMid meet&#039; overflow=&#039;visible&#039; height=&#039;100%&#039; viewBox=&#039;0 0 126 26&#039; fill=&#039;black&#039; stroke=&#039;none&#039;%3E%3Cpath d=&#039;M3,10.2c2.6,0,2.6,2,2.6,3.2S4.4,16.5,3,16.5s-3-1.4-3-3.2S0.4,10.2,3,10.2z M18.8,10.2c1.7,0,3.2,1.4,3.2,3.2s-1.4,3.2-3.2,3.2c-1.7,0-3.2-1.4-3.2-3.2S17,10.2,18.8,10.2z M34.6,10.2c1.5,0,2.6,1.4,2.6,3.2s-0.5,3.2-1.9,3.2c-1.5,0-3.4-1.4-3.4-3.2S33.1,10.2,34.6,10.2z M50.5,10.2c1.7,0,3.2,1.4,3.2,3.2s-1.4,3.2-3.2,3.2c-1.7,0-3.3-0.9-3.3-2.6S48.7,10.2,50.5,10.2z M66.2,10.2c1.5,0,3.4,1.4,3.4,3.2s-1.9,3.2-3.4,3.2c-1.5,0-2.6-0.4-2.6-2.1S64.8,10.2,66.2,10.2z M82.2,10.2c1.7,0.8,2.6,1.4,2.6,3.2s-0.1,3.2-1.6,3.2c-1.5,0-3.7-1.4-3.7-3.2S80.5,9.4,82.2,10.2zM98.6,10.2c1.5,0,2.6,0.4,2.6,2.1s-1.2,4.2-2.6,4.2c-1.5,0-3.7-0.4-3.7-2.1S97.1,10.2,98.6,10.2z M113.4,10.2c1.2,0,2.2,0.9,2.2,3.2s-0.1,3.2-1.3,3.2s-3.1-1.4-3.1-3.2S112.2,10.2,113.4,10.2z&#039;\/%3E%3C\/svg%3E&quot;);\">\n\t\t\t<span class=\"elementor-divider-separator\">\n\t\t\t\t\t\t<\/span>\n\t\t<\/div>\n\t\t\t\t\t\t<\/div>\n\t\t\t\t<\/div>\n\t\t\t\t<section class=\"elementor-section elementor-inner-section elementor-element elementor-element-cb4a395 elementor-section-boxed elementor-section-height-default elementor-section-height-default wpr-particle-no wpr-jarallax-no wpr-parallax-no wpr-sticky-section-no wpr-column-slider-no wpr-equal-height-no\" data-id=\"cb4a395\" data-element_type=\"section\" data-e-type=\"section\" data-settings=\"{&quot;background_background&quot;:&quot;classic&quot;}\">\n\t\t\t\t\t\t<div class=\"elementor-container elementor-column-gap-default\">\n\t\t\t\t\t<div class=\"elementor-column elementor-col-50 elementor-inner-column elementor-element elementor-element-c8fb9f2\" data-id=\"c8fb9f2\" data-element_type=\"column\" data-e-type=\"column\">\n\t\t\t<div class=\"elementor-widget-wrap elementor-element-populated\">\n\t\t\t\t\t\t<div class=\"elementor-element elementor-element-bf7e84e elementor-widget elementor-widget-image\" data-id=\"bf7e84e\" data-element_type=\"widget\" data-e-type=\"widget\" data-widget_type=\"image.default\">\n\t\t\t\t<div class=\"elementor-widget-container\">\n\t\t\t\t\t\t\t\t\t\t\t\t\t\t\t<img decoding=\"async\" data-src=\"https:\/\/mostradecinemasafricanos.com\/wp-content\/uploads\/elementor\/thumbs\/JULIANO-GOMES-DE-OLIVEIRA-rs7tex0hmxjdyy5af56xm1xs6l06cfy9u8dqkhy4zc.jpg\" title=\"JULIANO GOMES DE OLIVEIRA\" alt=\"JULIANO GOMES DE OLIVEIRA\" src=\"data:image\/svg+xml;base64,PHN2ZyB3aWR0aD0iMSIgaGVpZ2h0PSIxIiB4bWxucz0iaHR0cDovL3d3dy53My5vcmcvMjAwMC9zdmciPjwvc3ZnPg==\" class=\"lazyload\" style=\"--smush-placeholder-width: 300px; --smush-placeholder-aspect-ratio: 300\/300;\" \/>\t\t\t\t\t\t\t\t\t\t\t\t\t\t\t<\/div>\n\t\t\t\t<\/div>\n\t\t\t\t\t<\/div>\n\t\t<\/div>\n\t\t\t\t<div class=\"elementor-column elementor-col-50 elementor-inner-column elementor-element elementor-element-65688bd\" data-id=\"65688bd\" data-element_type=\"column\" data-e-type=\"column\">\n\t\t\t<div class=\"elementor-widget-wrap elementor-element-populated\">\n\t\t\t\t\t\t<div class=\"elementor-element elementor-element-1494f1b elementor-widget elementor-widget-text-editor\" data-id=\"1494f1b\" data-element_type=\"widget\" data-e-type=\"widget\" data-widget_type=\"text-editor.default\">\n\t\t\t\t<div class=\"elementor-widget-container\">\n\t\t\t\t\t\t\t\t\t<h4>Juliano Gomes<\/h4>\t\t\t\t\t\t\t\t<\/div>\n\t\t\t\t<\/div>\n\t\t\t\t<div class=\"elementor-element elementor-element-bce4534 elementor-widget elementor-widget-text-editor\" data-id=\"bce4534\" data-element_type=\"widget\" data-e-type=\"widget\" data-widget_type=\"text-editor.default\">\n\t\t\t\t<div class=\"elementor-widget-container\">\n\t\t\t\t\t\t\t\t\t<h6 class=\"band4-heading3\">Brasil<\/h6>\t\t\t\t\t\t\t\t<\/div>\n\t\t\t\t<\/div>\n\t\t\t\t<div class=\"elementor-element elementor-element-4bab188 elementor-widget elementor-widget-text-editor\" data-id=\"4bab188\" data-element_type=\"widget\" data-e-type=\"widget\" data-widget_type=\"text-editor.default\">\n\t\t\t\t<div class=\"elementor-widget-container\">\n\t\t\t\t\t\t\t\t\t<p>Cr\u00edtico e professor da FAAP(SP). Editor da Revista Cin\u00e9tica. Publicou na Film Quarterly, World Records Journal, Filme&amp;Cultura, Folha, Piau\u00ed. Programou no Sheffield Doc Fest (Inglaterra, 2020) e atualmente co-programa a Mostra de Tiradentes desde 2024. Organizou o livro &#8220;Thomas Farkas, Todomundo&#8221;, vencedor do Pr\u00eamio Jabuti 2025. Mestre em Comunica\u00e7\u00e3o (UFRJ). Dirigiu com L\u00e9o Bittencourt &#8220;As Ondas&#8221;(2016), &#8220;&#8230;&#8221;(2007). Dirigiu o curta \u201cNada haver\u201d (2022). Alimenta o podcast \u201cRascunho Ambiente\u201d.<\/p>\t\t\t\t\t\t\t\t<\/div>\n\t\t\t\t<\/div>\n\t\t\t\t\t<\/div>\n\t\t<\/div>\n\t\t\t\t\t<\/div>\n\t\t<\/section>\n\t\t\t\t<div class=\"elementor-element elementor-element-c888f59 elementor-widget elementor-widget-spacer\" data-id=\"c888f59\" data-element_type=\"widget\" data-e-type=\"widget\" data-widget_type=\"spacer.default\">\n\t\t\t\t<div class=\"elementor-widget-container\">\n\t\t\t\t\t\t\t<div class=\"elementor-spacer\">\n\t\t\t<div class=\"elementor-spacer-inner\"><\/div>\n\t\t<\/div>\n\t\t\t\t\t\t<\/div>\n\t\t\t\t<\/div>\n\t\t\t\t\t<\/div>\n\t\t<\/div>\n\t\t\t\t\t<\/div>\n\t\t<\/section>\n\t\t\t\t<\/div>","protected":false},"excerpt":{"rendered":"<p>Chlo\u00e9-Aicha Boro Burkina Faso \/ Fran\u00e7a Chlo\u00e9 A\u00efcha Boro \u00e9 cineasta, escritora, roteirista e produtora burkinab\u00e9. Antes do cinema, estudou Letras e trabalhou como jornalista na<span class=\"excerpt-hellip\"> [\u2026]<\/span><\/p>\n","protected":false},"author":2,"featured_media":0,"parent":0,"menu_order":0,"comment_status":"closed","ping_status":"closed","template":"","meta":{"footnotes":""},"class_list":["post-14984","page","type-page","status-publish","hentry"],"yoast_head":"<!-- This site is optimized with the Yoast SEO plugin v28.4 - https:\/\/yoast.com\/product\/yoast-seo-wordpress\/ -->\n<title>Convidados 2026 - Mostra de Cinemas Africanos<\/title>\n<meta name=\"robots\" content=\"index, follow, max-snippet:-1, max-image-preview:large, max-video-preview:-1\" \/>\n<link rel=\"canonical\" href=\"https:\/\/mostradecinemasafricanos.com\/en\/convidados-2026\/\" \/>\n<meta property=\"og:locale\" content=\"en_GB\" \/>\n<meta property=\"og:type\" content=\"article\" \/>\n<meta property=\"og:title\" content=\"Convidados 2026 - Mostra de Cinemas Africanos\" \/>\n<meta property=\"og:description\" content=\"Chlo\u00e9-Aicha Boro Burkina Faso \/ Fran\u00e7a Chlo\u00e9 A\u00efcha Boro \u00e9 cineasta, escritora, roteirista e produtora burkinab\u00e9. Antes do cinema, estudou Letras e trabalhou como jornalista na [\u2026]\" \/>\n<meta property=\"og:url\" content=\"https:\/\/mostradecinemasafricanos.com\/en\/convidados-2026\/\" \/>\n<meta property=\"og:site_name\" content=\"Mostra de Cinemas Africanos\" \/>\n<meta property=\"article:publisher\" content=\"https:\/\/www.facebook.com\/mostradecinemasafricanos\" \/>\n<meta property=\"article:modified_time\" content=\"2026-08-21T04:43:50+00:00\" \/>\n<meta property=\"og:image\" content=\"https:\/\/mostradecinemasafricanos.com\/wp-content\/uploads\/elementor\/thumbs\/IMG-20250220-WA0000-rs2ggw1s1yy96xmzc6ozkcxx8v34h3pgilbk0mw3aw.jpg\" \/>\n<meta name=\"twitter:card\" content=\"summary_large_image\" \/>\n<meta name=\"twitter:label1\" content=\"Estimated reading time\" \/>\n\t<meta name=\"twitter:data1\" content=\"3 minutes\" \/>\n<script type=\"application\/ld+json\" class=\"yoast-schema-graph\">{\"@context\":\"https:\\\/\\\/schema.org\",\"@graph\":[{\"@type\":\"WebPage\",\"@id\":\"https:\\\/\\\/mostradecinemasafricanos.com\\\/convidados-2026\\\/\",\"url\":\"https:\\\/\\\/mostradecinemasafricanos.com\\\/convidados-2026\\\/\",\"name\":\"Convidados 2026 - Mostra de Cinemas Africanos\",\"isPartOf\":{\"@id\":\"https:\\\/\\\/mostradecinemasafricanos.com\\\/#website\"},\"primaryImageOfPage\":{\"@id\":\"https:\\\/\\\/mostradecinemasafricanos.com\\\/convidados-2026\\\/#primaryimage\"},\"image\":{\"@id\":\"https:\\\/\\\/mostradecinemasafricanos.com\\\/convidados-2026\\\/#primaryimage\"},\"thumbnailUrl\":\"https:\\\/\\\/mostradecinemasafricanos.com\\\/wp-content\\\/uploads\\\/elementor\\\/thumbs\\\/IMG-20250220-WA0000-rs2ggw1s1yy96xmzc6ozkcxx8v34h3pgilbk0mw3aw.jpg\",\"datePublished\":\"2026-08-21T04:03:18+00:00\",\"dateModified\":\"2026-08-21T04:43:50+00:00\",\"breadcrumb\":{\"@id\":\"https:\\\/\\\/mostradecinemasafricanos.com\\\/convidados-2026\\\/#breadcrumb\"},\"inLanguage\":\"en-GB\",\"potentialAction\":[{\"@type\":\"ReadAction\",\"target\":[\"https:\\\/\\\/mostradecinemasafricanos.com\\\/convidados-2026\\\/\"]}]},{\"@type\":\"ImageObject\",\"inLanguage\":\"en-GB\",\"@id\":\"https:\\\/\\\/mostradecinemasafricanos.com\\\/convidados-2026\\\/#primaryimage\",\"url\":\"https:\\\/\\\/mostradecinemasafricanos.com\\\/wp-content\\\/uploads\\\/elementor\\\/thumbs\\\/IMG-20250220-WA0000-rs2ggw1s1yy96xmzc6ozkcxx8v34h3pgilbk0mw3aw.jpg\",\"contentUrl\":\"https:\\\/\\\/mostradecinemasafricanos.com\\\/wp-content\\\/uploads\\\/elementor\\\/thumbs\\\/IMG-20250220-WA0000-rs2ggw1s1yy96xmzc6ozkcxx8v34h3pgilbk0mw3aw.jpg\"},{\"@type\":\"BreadcrumbList\",\"@id\":\"https:\\\/\\\/mostradecinemasafricanos.com\\\/convidados-2026\\\/#breadcrumb\",\"itemListElement\":[{\"@type\":\"ListItem\",\"position\":1,\"name\":\"In\u00edcio\",\"item\":\"https:\\\/\\\/mostradecinemasafricanos.com\\\/\"},{\"@type\":\"ListItem\",\"position\":2,\"name\":\"Convidados 2026\"}]},{\"@type\":\"WebSite\",\"@id\":\"https:\\\/\\\/mostradecinemasafricanos.com\\\/#website\",\"url\":\"https:\\\/\\\/mostradecinemasafricanos.com\\\/\",\"name\":\"Mostra de Cinemas Africanos\",\"description\":\"Brazil African Film Festival\",\"publisher\":{\"@id\":\"https:\\\/\\\/mostradecinemasafricanos.com\\\/#organization\"},\"potentialAction\":[{\"@type\":\"SearchAction\",\"target\":{\"@type\":\"EntryPoint\",\"urlTemplate\":\"https:\\\/\\\/mostradecinemasafricanos.com\\\/?s={search_term_string}\"},\"query-input\":{\"@type\":\"PropertyValueSpecification\",\"valueRequired\":true,\"valueName\":\"search_term_string\"}}],\"inLanguage\":\"en-GB\"},{\"@type\":\"Organization\",\"@id\":\"https:\\\/\\\/mostradecinemasafricanos.com\\\/#organization\",\"name\":\"Mostra de Cinemas Africanos\",\"url\":\"https:\\\/\\\/mostradecinemasafricanos.com\\\/\",\"logo\":{\"@type\":\"ImageObject\",\"inLanguage\":\"en-GB\",\"@id\":\"https:\\\/\\\/mostradecinemasafricanos.com\\\/#\\\/schema\\\/logo\\\/image\\\/\",\"url\":\"https:\\\/\\\/mostradecinemasafricanos.com\\\/wp-content\\\/uploads\\\/2024\\\/07\\\/mca-logo-menor.png\",\"contentUrl\":\"https:\\\/\\\/mostradecinemasafricanos.com\\\/wp-content\\\/uploads\\\/2024\\\/07\\\/mca-logo-menor.png\",\"width\":500,\"height\":387,\"caption\":\"Mostra de Cinemas Africanos\"},\"image\":{\"@id\":\"https:\\\/\\\/mostradecinemasafricanos.com\\\/#\\\/schema\\\/logo\\\/image\\\/\"},\"sameAs\":[\"https:\\\/\\\/www.facebook.com\\\/mostradecinemasafricanos\",\"https:\\\/\\\/www.instagram.com\\\/mostradecinemasafricanos\\\/\"]}]}<\/script>\n<!-- \/ Yoast SEO plugin. -->","yoast_head_json":{"title":"Convidados 2026 - Mostra de Cinemas Africanos","robots":{"index":"index","follow":"follow","max-snippet":"max-snippet:-1","max-image-preview":"max-image-preview:large","max-video-preview":"max-video-preview:-1"},"canonical":"https:\/\/mostradecinemasafricanos.com\/en\/convidados-2026\/","og_locale":"en_GB","og_type":"article","og_title":"Convidados 2026 - Mostra de Cinemas Africanos","og_description":"Chlo\u00e9-Aicha Boro Burkina Faso \/ Fran\u00e7a Chlo\u00e9 A\u00efcha Boro \u00e9 cineasta, escritora, roteirista e produtora burkinab\u00e9. Antes do cinema, estudou Letras e trabalhou como jornalista na [\u2026]","og_url":"https:\/\/mostradecinemasafricanos.com\/en\/convidados-2026\/","og_site_name":"Mostra de Cinemas Africanos","article_publisher":"https:\/\/www.facebook.com\/mostradecinemasafricanos","article_modified_time":"2026-08-21T04:43:50+00:00","og_image":[{"url":"https:\/\/mostradecinemasafricanos.com\/wp-content\/uploads\/elementor\/thumbs\/IMG-20250220-WA0000-rs2ggw1s1yy96xmzc6ozkcxx8v34h3pgilbk0mw3aw.jpg","type":"","width":"","height":""}],"twitter_card":"summary_large_image","twitter_misc":{"Estimated reading time":"3 minutes"},"schema":{"@context":"https:\/\/schema.org","@graph":[{"@type":"WebPage","@id":"https:\/\/mostradecinemasafricanos.com\/convidados-2026\/","url":"https:\/\/mostradecinemasafricanos.com\/convidados-2026\/","name":"Convidados 2026 - Mostra de Cinemas Africanos","isPartOf":{"@id":"https:\/\/mostradecinemasafricanos.com\/#website"},"primaryImageOfPage":{"@id":"https:\/\/mostradecinemasafricanos.com\/convidados-2026\/#primaryimage"},"image":{"@id":"https:\/\/mostradecinemasafricanos.com\/convidados-2026\/#primaryimage"},"thumbnailUrl":"https:\/\/mostradecinemasafricanos.com\/wp-content\/uploads\/elementor\/thumbs\/IMG-20250220-WA0000-rs2ggw1s1yy96xmzc6ozkcxx8v34h3pgilbk0mw3aw.jpg","datePublished":"2026-08-21T04:03:18+00:00","dateModified":"2026-08-21T04:43:50+00:00","breadcrumb":{"@id":"https:\/\/mostradecinemasafricanos.com\/convidados-2026\/#breadcrumb"},"inLanguage":"en-GB","potentialAction":[{"@type":"ReadAction","target":["https:\/\/mostradecinemasafricanos.com\/convidados-2026\/"]}]},{"@type":"ImageObject","inLanguage":"en-GB","@id":"https:\/\/mostradecinemasafricanos.com\/convidados-2026\/#primaryimage","url":"https:\/\/mostradecinemasafricanos.com\/wp-content\/uploads\/elementor\/thumbs\/IMG-20250220-WA0000-rs2ggw1s1yy96xmzc6ozkcxx8v34h3pgilbk0mw3aw.jpg","contentUrl":"https:\/\/mostradecinemasafricanos.com\/wp-content\/uploads\/elementor\/thumbs\/IMG-20250220-WA0000-rs2ggw1s1yy96xmzc6ozkcxx8v34h3pgilbk0mw3aw.jpg"},{"@type":"BreadcrumbList","@id":"https:\/\/mostradecinemasafricanos.com\/convidados-2026\/#breadcrumb","itemListElement":[{"@type":"ListItem","position":1,"name":"In\u00edcio","item":"https:\/\/mostradecinemasafricanos.com\/"},{"@type":"ListItem","position":2,"name":"Convidados 2026"}]},{"@type":"WebSite","@id":"https:\/\/mostradecinemasafricanos.com\/#website","url":"https:\/\/mostradecinemasafricanos.com\/","name":"Mostra de Cinemas Africanos","description":"Brazil African Film Festival","publisher":{"@id":"https:\/\/mostradecinemasafricanos.com\/#organization"},"potentialAction":[{"@type":"SearchAction","target":{"@type":"EntryPoint","urlTemplate":"https:\/\/mostradecinemasafricanos.com\/?s={search_term_string}"},"query-input":{"@type":"PropertyValueSpecification","valueRequired":true,"valueName":"search_term_string"}}],"inLanguage":"en-GB"},{"@type":"Organization","@id":"https:\/\/mostradecinemasafricanos.com\/#organization","name":"Mostra de Cinemas Africanos","url":"https:\/\/mostradecinemasafricanos.com\/","logo":{"@type":"ImageObject","inLanguage":"en-GB","@id":"https:\/\/mostradecinemasafricanos.com\/#\/schema\/logo\/image\/","url":"https:\/\/mostradecinemasafricanos.com\/wp-content\/uploads\/2024\/07\/mca-logo-menor.png","contentUrl":"https:\/\/mostradecinemasafricanos.com\/wp-content\/uploads\/2024\/07\/mca-logo-menor.png","width":500,"height":387,"caption":"Mostra de Cinemas Africanos"},"image":{"@id":"https:\/\/mostradecinemasafricanos.com\/#\/schema\/logo\/image\/"},"sameAs":["https:\/\/www.facebook.com\/mostradecinemasafricanos","https:\/\/www.instagram.com\/mostradecinemasafricanos\/"]}]}},"_links":{"self":[{"href":"https:\/\/mostradecinemasafricanos.com\/en\/wp-json\/wp\/v2\/pages\/14984","targetHints":{"allow":["GET"]}}],"collection":[{"href":"https:\/\/mostradecinemasafricanos.com\/en\/wp-json\/wp\/v2\/pages"}],"about":[{"href":"https:\/\/mostradecinemasafricanos.com\/en\/wp-json\/wp\/v2\/types\/page"}],"author":[{"embeddable":true,"href":"https:\/\/mostradecinemasafricanos.com\/en\/wp-json\/wp\/v2\/users\/2"}],"replies":[{"embeddable":true,"href":"https:\/\/mostradecinemasafricanos.com\/en\/wp-json\/wp\/v2\/comments?post=14984"}],"version-history":[{"count":13,"href":"https:\/\/mostradecinemasafricanos.com\/en\/wp-json\/wp\/v2\/pages\/14984\/revisions"}],"predecessor-version":[{"id":15001,"href":"https:\/\/mostradecinemasafricanos.com\/en\/wp-json\/wp\/v2\/pages\/14984\/revisions\/15001"}],"wp:attachment":[{"href":"https:\/\/mostradecinemasafricanos.com\/en\/wp-json\/wp\/v2\/media?parent=14984"}],"curies":[{"name":"wp","href":"https:\/\/api.w.org\/{rel}","templated":true}]}}